{"id":629,"date":"2018-01-17T17:18:03","date_gmt":"2018-01-17T16:18:03","guid":{"rendered":"http:\/\/forraskut.hu\/?page_id=629"},"modified":"2020-10-02T13:13:35","modified_gmt":"2020-10-02T12:13:35","slug":"forraskuti-margaret-ovoda-es-bolcsode","status":"publish","type":"page","link":"https:\/\/forraskut.hu\/index.php\/forraskuti-margaret-ovoda-es-bolcsode\/","title":{"rendered":"Forr\u00e1sk\u00fati Margar\u00e9t \u00d3voda \u00e9s B\u00f6lcs\u0151de"},"content":{"rendered":"<p class=\"last-modified\">Utolj\u00e1ra friss\u00edtve:&nbsp;  2020. okt\u00f3ber 2.<\/p><table width=\"100%\">\n<tbody>\n<tr>\n<td>\n<table width=\"100%\">\n<tbody>\n<tr>\n<td width=\"814\">\n<table width=\"100%\">\n<tbody>\n<tr>\n<td width=\"100%\"><strong>K\u00fcl\u00f6n\u00f6s k\u00f6zz\u00e9t\u00e9teli lista <\/strong><\/p>\n<p><strong>2020-2021. nevel\u00e9si \u00e9v<\/strong><\/p>\n<p>&nbsp;<\/p>\n<p><strong>\u00a0<\/strong><\/p>\n<p>A korm\u00e1ny 229\/2012 (VIII.28.) korm\u00e1nyrendelete a nemzeti k\u00f6znevel\u00e9sr\u0151l sz\u00f3l\u00f3 t\u00f6rv\u00e9ny v\u00e9grehajt\u00e1s\u00e1r\u00f3l 23.\u00a7-a \u00e9rtelm\u00e9ben az al\u00e1bbi adatokat tessz\u00fck k\u00f6zre:<\/p>\n<p>&nbsp;<\/p>\n<table>\n<tbody>\n<tr>\n<td width=\"300\">Az \u00f3voda megnevez\u00e9se<\/td>\n<td width=\"304\">Forr\u00e1sk\u00fati Margar\u00e9t \u00d3voda \u00e9s B\u00f6lcs\u0151de<\/td>\n<\/tr>\n<tr>\n<td width=\"300\">&nbsp;<\/p>\n<p>Az \u00f3voda c\u00edme, sz\u00e9khelye, megnevez\u00e9se, el\u00e9rhet\u0151s\u00e9ge:<\/td>\n<td width=\"304\">&nbsp;<\/p>\n<p>6793 Forr\u00e1sk\u00fat, D\u00f3zsa Gy\u00f6rgy utca 10.<\/p>\n<p>Tel: +3662287123, +36704895646<\/p>\n<p>Int\u00e9zm\u00e9nyvezet\u0151: Fodorn\u00e9 Sz\u00e1nt\u00f3 \u00c1gota<\/p>\n<p>E-mail: <a href=\"mailto:ovoda@forraskut.hu\">ovoda@forraskut.hu<\/a><\/p>\n<p>&nbsp;<\/td>\n<\/tr>\n<tr>\n<td width=\"300\">OM azonos\u00edt\u00f3<\/td>\n<td width=\"304\">202063<\/td>\n<\/tr>\n<\/tbody>\n<\/table>\n<p>&nbsp;<\/p>\n<p><strong>\u00d3vodapedag\u00f3gusok sz\u00e1ma: 7<\/strong><\/p>\n<p><strong>\u00a0<\/strong><\/p>\n<table>\n<tbody>\n<tr>\n<td width=\"63\">ebb\u0151l<\/td>\n<td width=\"459\">Fels\u0151fok\u00fa v\u00e9gzetts\u00e9ggel rendelkezik<\/td>\n<td width=\"82\">7 f\u0151<\/td>\n<\/tr>\n<tr>\n<td width=\"63\">ebb\u0151l<\/td>\n<td width=\"459\">Szakvizsg\u00e1zott<\/td>\n<td width=\"82\">4 f\u0151<\/td>\n<\/tr>\n<tr>\n<td width=\"63\">ebb\u0151l<\/td>\n<td width=\"459\">Vezet\u0151 \u00f3vodapedag\u00f3gus<\/td>\n<td width=\"82\">1 f\u0151<\/td>\n<\/tr>\n<tr>\n<td width=\"63\">ebb\u0151l<\/td>\n<td width=\"459\">Vezet\u0151 helyettes<\/td>\n<td width=\"82\">1 f\u0151<\/td>\n<\/tr>\n<\/tbody>\n<\/table>\n<p>&nbsp;<\/p>\n<p>Pedag\u00f3gus min\u0151s\u00edt\u00e9s szerint:<\/p>\n<p>\u00b7\u00a0\u00a0\u00a0\u00a0\u00a0\u00a0\u00a0\u00a0 Mester pedag\u00f3gus 1 f\u0151<\/p>\n<p>\u00b7\u00a0\u00a0\u00a0\u00a0\u00a0\u00a0\u00a0\u00a0 Ped.II. 4 f\u0151<\/p>\n<p>\u00b7\u00a0\u00a0\u00a0\u00a0\u00a0\u00a0\u00a0\u00a0 Gyakornok 2 f\u0151<\/p>\n<p>&nbsp;<\/p>\n<p><strong>\u00a0<\/strong><\/p>\n<p><strong>Dajk\u00e1k sz\u00e1ma: 3 f\u0151<\/strong><\/p>\n<p><strong>\u00a0<\/strong><\/p>\n<table>\n<tbody>\n<tr>\n<td width=\"64\">ebb\u0151l<\/td>\n<td width=\"364\">dajka v\u00e9gzetts\u00e9ggel rendelkezik<\/td>\n<td width=\"51\">3 f\u0151<\/td>\n<\/tr>\n<\/tbody>\n<\/table>\n<p><strong>Pedag\u00f3giai asszisztensek sz\u00e1ma: 1 f\u0151\u00a0<\/strong><\/p>\n<p><strong>\u00d3vodai csoportok sz\u00e1ma:<\/strong> 2020\/2021<\/p>\n<table width=\"659\">\n<tbody>\n<tr>\n<td width=\"329\">Katica csoport<\/td>\n<td width=\"331\">18 f\u0151<\/td>\n<\/tr>\n<tr>\n<td width=\"329\">Pillang\u00f3 csoport<\/td>\n<td width=\"331\">23 f\u0151<\/td>\n<\/tr>\n<tr>\n<td width=\"329\">Napocska csoport<\/td>\n<td width=\"331\">20 f\u0151<\/td>\n<\/tr>\n<\/tbody>\n<\/table>\n<p>\u00d6sszesen: 61 gyermek, ebb\u0151l 1 f\u0151 saj\u00e1tos nevel\u00e9si ig\u00e9ny\u0171 (SNI), 1 f\u0151 beilleszked\u00e9si, tanul\u00e1si \u00e9s magatart\u00e1si neh\u00e9zs\u00e9ggel (BTMN) k\u00fczd.<\/p>\n<p><strong>Az \u00f3vodai nevel\u00e9si \u00e9v rendje:<\/strong><\/p>\n<p>A nevel\u00e9si \u00e9v: 2020.09.01-2021.08.31-ig tart.<\/p>\n<h1>\u00a0<strong>Az \u00f3voda nyitva tart\u00e1si rendje:<\/strong><\/h1>\n<p>&nbsp;<\/p>\n<p>Napi nyitva tart\u00e1s: h\u00e9tf\u0151t\u0151l- p\u00e9ntekig: 7<sup>00-<\/sup> 17<sup>00-ig<\/sup><\/p>\n<p>Csoport\u00f6sszevon\u00e1s szab\u00e1lyai: rendk\u00edv\u00fcli esetben ker\u00fclhet sor \u00f6sszevon\u00e1sra \u2013 iskolai sz\u00fcnetek vagy lecs\u00f6kkent gyermekl\u00e9tsz\u00e1m eset\u00e9n. Az \u00f6sszevon\u00e1s fels\u0151 hat\u00e1ra maximum 25 gyermek.<\/p>\n<p>&nbsp;<\/p>\n<p>A gyermekek biztons\u00e1ga \u00e9rdek\u00e9ben az int\u00e9zm\u00e9nyben 9<sup>00<\/sup> \u00f3rakor bez\u00e1rjuk a bej\u00e1rati ajt\u00f3kat. Emellett k\u00e9rj\u00fck, hogy az \u00f3voda kapuj\u00e1n l\u00e9v\u0151 biztos\u00edt\u00f3 z\u00e1rat minden esetben sz\u00edveskedjenek haszn\u00e1lni.<\/p>\n<p>&nbsp;<\/p>\n<p>Az el\u0151t\u00e9rben elhelyezett Hirdet\u0151t\u00e1bl\u00e1n t\u00e1j\u00e9koztatjuk a sz\u00fcl\u0151ket azokr\u00f3l a h\u00edrekr\u0151l, esem\u00e9nyekr\u0151l, aktu\u00e1lis programokr\u00f3l, amelyek minden sz\u00fcl\u0151t \u00e9s gyermeket \u00e9rintenek.<\/p>\n<p>Int\u00e9zm\u00e9ny\u00fcnk a 2020\/2021. nevel\u00e9si \u00e9vben kiz\u00e1r\u00f3lag a fenntart\u00f3 enged\u00e9lye alapj\u00e1n az al\u00e1bbi id\u0151szakokban tarthat z\u00e1rva:<\/p>\n<p><strong>T\u00e9li z\u00e1r\u00e1s<\/strong>: 2020. december 24. &#8211; 2021. janu\u00e1r 3-ig<\/p>\n<p><strong>Ny\u00e1ri z\u00e1r\u00e1s<\/strong>: 2021. j\u00falius h\u00f3napban<\/p>\n<p><strong>Nevel\u00e9s n\u00e9lk\u00fcli munkanapok \u00fctemez\u00e9se:<\/strong><\/p>\n<p><strong>\u00a0<\/strong><\/p>\n<p>A nevel\u00e9si \u00e9v sor\u00e1n maximum 5 nevel\u00e9s n\u00e9lk\u00fcli munkanapot tervez\u00fcnk, melyeknek id\u0151pontj\u00e1t 7 nappal el\u0151tte k\u00f6zz\u00e9 tessz\u00fck.<\/p>\n<p>&nbsp;<\/p>\n<p>A 2020-2021-es nevel\u00e9si \u00e9vben az al\u00e1bbi napokon:<\/p>\n<p>&nbsp;<\/p>\n<p>2020. szeptember 25. (p\u00e9ntek), 2020. december 12.(szombat), 2020. december 28. (h\u00e9tf\u0151), 2020. december 29. (kedd), 2021. j\u00fanius 11. (p\u00e9ntek)<\/p>\n<p>&nbsp;<\/p>\n<p><strong>Az \u00f3vodai felv\u00e9tel rendje:<\/strong><\/p>\n<p>&nbsp;<\/p>\n<p>Az \u00f3vodai felv\u00e9tel jelentkez\u00e9s \u00fatj\u00e1n t\u00f6rt\u00e9nik, melynek idej\u00e9t, hely\u00e9t, m\u00f3dj\u00e1t az err\u0151l sz\u00f3l\u00f3 d\u00f6nt\u00e9s \u00e9s a jogorvoslat beny\u00fajt\u00e1s\u00e1nak hat\u00e1ridej\u00e9r\u0151l a fenntart\u00f3 hirdetm\u00e9nyt tesz k\u00f6zz\u00e9 a beiratkoz\u00e1s els\u0151 hat\u00e1rnapj\u00e1t megel\u0151z\u0151en legal\u00e1bb 30 nappal.<\/p>\n<p>&nbsp;<\/p>\n<p>Beiratkoz\u00e1shoz sz\u00fcks\u00e9ges dokumentumok:<\/p>\n<ul>\n<li>a gyermek nev\u00e9re ki\u00e1ll\u00edtott szem\u00e9lyi azonos\u00edt\u00f3 \u00e9s lakc\u00edmet igazol\u00f3 hat\u00f3s\u00e1gi igazolv\u00e1ny<\/li>\n<li>a gyermek TAJ k\u00e1rty\u00e1ja<\/li>\n<li>\u00a0a sz\u00fcl\u0151 szem\u00e9lyi azonos\u00edt\u00f3 \u00e9s lakc\u00edmet igazol\u00f3 hat\u00f3s\u00e1gi igazolv\u00e1nya<\/li>\n<li>a sz\u00fcl\u0151k egyet\u00e9rt\u0151 nyilatkozata gyermek\u00fck \u00f3vodai felv\u00e9tel\u00e9vel kapcsolatban,<\/li>\n<li>nem magyar \u00e1llampolg\u00e1r eset\u00e9n:<\/li>\n<\/ul>\n<p>-tart\u00f3zkod\u00e1s jogc\u00edm\u00e9t igazol\u00f3 okirat \u2013 regisztr\u00e1ci\u00f3s igazol\u00e1s<\/p>\n<p>-keres\u0151tev\u00e9kenys\u00e9g igazol\u00e1sa<\/p>\n<p>A gyermek \u00e1tv\u00e9tel\u00e9r\u00e9re \u2013 m\u00e1sik \u00f3vod\u00e1b\u00f3l- a nevel\u00e9si \u00e9v sor\u00e1n b\u00e1rmikor lehet\u0151s\u00e9g van. A gyermek \u00e1tv\u00e9tele hivatalos \u00e1tjelentkez\u00e9s \u00fatj\u00e1n t\u00f6rt\u00e9nik.<\/p>\n<p>A felv\u00e9telr\u0151l \u00e9s \u00e1tv\u00e9telr\u0151l, a csoportba val\u00f3 beoszt\u00e1sr\u00f3l az \u00f3vodavezet\u0151 d\u00f6nt. A csoportba val\u00f3<\/p>\n<p>beoszt\u00e1sn\u00e1l figyelembe veszi a sz\u00fcl\u0151k \u00e9s az \u00f3vodapedag\u00f3gusok v\u00e9lem\u00e9ny\u00e9t.<\/p>\n<p>Az alap\u00edt\u00f3 okirat szerint a felvehet\u0151 gyermekek sz\u00e1ma: 75 f\u0151<\/p>\n<p><strong>\u00a0<\/strong><\/p>\n<p><strong>A sz\u00fcl\u0151ket terhel\u0151 fizet\u00e9si k\u00f6telezetts\u00e9gek, a gyermekek \u00e9tkeztet\u00e9s\u00e9re \u00e9s a kedvezm\u00e9nyekre, t\u00e1mogat\u00e1sokra val\u00f3 jogosults\u00e1g az \u00f3vod\u00e1ban:<\/strong><\/p>\n<p>&nbsp;<\/p>\n<p>A sz\u00fcl\u0151, gondvisel\u0151 k\u00f6teless\u00e9ge, hogy a megjel\u00f6lt napokon gyermeke \u00e9tkez\u00e9si t\u00e9r\u00edt\u00e9si d\u00edj\u00e1t befizesse a Borosty\u00e1n \u00e9tteremben az \u00e9lelmez\u00e9svezet\u0151i iroda p\u00e9nzt\u00e1r\u00e1ban.<\/p>\n<p style=\"text-align: justify;\">Hi\u00e1nyz\u00e1s eset\u00e9n eb\u00e9dmegrendel\u00e9s, illetve lemond\u00e1s telefonon, szem\u00e9lyesen az \u00e9lelmez\u00e9svezet\u0151n\u00e9l vagy a Borosty\u00e1n \u00e9tterem dolgoz\u00f3in\u00e1l t\u00f6rt\u00e9nik naponta 12 \u00f3r\u00e1ig. Lemond\u00e1s a k\u00f6vetkez\u0151 napt\u00f3l \u00e9rv\u00e9nyes \u00e9s a befizet\u00e9sn\u00e9l \u00edrhat\u00f3 j\u00f3v\u00e1. Be nem jelentett hi\u00e1nyz\u00e1s eset\u00e9n visszat\u00e9r\u00edt\u00e9sre nem jogosult a sz\u00fcl\u0151. Napi \u00e9tkez\u00e9si t\u00e9r\u00edt\u00e9si d\u00edj 381 Ft.<\/p>\n<p>A t\u00e9r\u00edt\u00e9smentes \u00e9tkez\u0151k sz\u00e1m\u00e1ra is k\u00f6telez\u0151 az \u00e9tkez\u00e9si napok bejelent\u00e9se \u00e9s a hi\u00e1nyz\u00e1s eset\u00e9n a lemond\u00e1sa.<\/p>\n<p>&nbsp;<\/p>\n<p>A gyermek\u00e9tkeztet\u00e9s sor\u00e1n az int\u00e9zm\u00e9nyi t\u00e9r\u00edt\u00e9si d\u00edj 100%-\u00e1t normat\u00edv kedvezm\u00e9nyk\u00e9nt biztos\u00edtjuk, annak a gyermeknek, aki:<\/p>\n<p>&nbsp;<\/p>\n<ul>\n<li>rendszeres gyermekv\u00e9delmi kedvezm\u00e9nyben r\u00e9szes\u00fcl;<\/li>\n<li>tart\u00f3san beteg vagy fogyat\u00e9kos, vagy olyan csal\u00e1dban \u00e9l, melyben tart\u00f3san beteg, vagy fogyat\u00e9kos gyermeket nevelnek<\/li>\n<li>olyan csal\u00e1dban \u00e9l, amelyben h\u00e1rom vagy t\u00f6bb gyermeket nevelnek;<\/li>\n<li>\u00a0olyan csal\u00e1dban \u00e9l, amelyben a sz\u00fcl\u0151 nyilatkozata alapj\u00e1n az egy f\u0151re jut\u00f3 havi j\u00f6vedelem \u00f6sszege nem haladja a k\u00f6telez\u0151 legkisebb munkab\u00e9r szem\u00e9lyi j\u00f6vedelemad\u00f3val, munkav\u00e1llal\u00f3i, eg\u00e9szs\u00e9gbiztos\u00edt\u00e1si \u00e9s nyugd\u00edjj\u00e1rul\u00e9kkal cs\u00f6kkentett \u00f6sszeg\u00e9nek 130%-\u00e1t;<\/li>\n<li>nevel\u00e9sbe v\u00e9tel\u00e9t rendelte el a gy\u00e1mhat\u00f3s\u00e1g<\/li>\n<\/ul>\n<p>&nbsp;<\/p>\n<p>Az \u00f3vodai nevel\u00e9s &#8211; szem\u00e9lyis\u00e9g fejleszt\u00e9s \u00e9s a kieg\u00e9sz\u00edt\u0151 pedag\u00f3giai szakszolg\u00e1latok ig\u00e9nybev\u00e9tele, valamint a rendszeres eg\u00e9szs\u00e9g\u00fcgyi fel\u00fcgyeletben \u00e9s ell\u00e1t\u00e1sban val\u00f3 r\u00e9szv\u00e9tel a gyermekek sz\u00e1m\u00e1ra ingyenes.<\/p>\n<p><strong>\u00a0<\/strong><\/p>\n<p><strong>A korona-v\u00edrus j\u00e1rv\u00e1nyvesz\u00e9ly fenn\u00e1ll\u00e1sa alatt alkalmazand\u00f3 szab\u00e1lyokr\u00f3l<\/strong><\/p>\n<p><strong>\u00a0<\/strong><\/p>\n<p style=\"text-align: justify;\">A t\u00fcd\u0151gyullad\u00e1st okoz\u00f3 \u00faj koronav\u00edrus (COVID-19) terjed\u00e9s\u00e9t megel\u0151z\u00e9se \u00e9rdek\u00e9ben az Emberi Er\u0151forr\u00e1s Miniszt\u00e9riuma, az Operat\u00edv T\u00f6rzs, a Bel\u00fcgyminiszt\u00e9rium a Nemzeti N\u00e9peg\u00e9szs\u00e9g\u00fcgyi K\u00f6zponttal egy\u00fcttm\u0171k\u00f6dve \u00f6ssze\u00e1ll\u00edtotta a 2020\/2021. nevel\u00e9si \u00e9v lebonyol\u00edt\u00e1s\u00e1ra a k\u00f6znevel\u00e9si int\u00e9zm\u00e9nyek sz\u00e1m\u00e1ra r\u00e9szletes int\u00e9zked\u00e9si terv\u00e9t \u2013 amely az int\u00e9zm\u00e9nyre \u00e9s az int\u00e9zm\u00e9nyt haszn\u00e1l\u00f3kra n\u00e9zve k\u00f6telez\u0151 \u00e9rv\u00e9ny\u0171.<\/p>\n<p style=\"text-align: justify;\">Az int\u00e9zked\u00e9si terv m\u00f3dos\u00edt\u00e1sig, vagy visszavon\u00e1sig marad \u00e9rv\u00e9nyben, a m\u00f3dos\u00edt\u00e1s\u00e1ra a j\u00e1rv\u00e1ny\u00fcgyi helyzet alakul\u00e1s\u00e1t\u00f3l f\u00fcgg\u0151en, a t\u00f6rv\u00e9nyi v\u00e1ltoz\u00e1sok valamint a Nemzeti N\u00e9peg\u00e9szs\u00e9g\u00fcgyi K\u00f6zpont aj\u00e1nl\u00e1sa, \u00e9s az int\u00e9zm\u00e9nyi tapasztalatok figyelembev\u00e9tel\u00e9vel ker\u00fclhet sor.<\/p>\n<p>A protokoll bevezet\u00e9s\u00e9r\u0151l \u00e9s alkalmaz\u00e1s\u00e1r\u00f3l, az int\u00e9zm\u00e9nyvezet\u0151 k\u00f6teles gondoskodni, az int\u00e9zm\u00e9nyvezet\u0151 feladata a megval\u00f3s\u00edt\u00e1st ellen\u0151rizni.<\/p>\n<p><strong>\u00a0<\/strong><\/p>\n<p><strong>V\u00e9d\u0151, \u00f3v\u00f3 el\u0151\u00edr\u00e1sok j\u00e1rv\u00e1ny\u00fcgyi k\u00e9sz\u00fclts\u00e9g idej\u00e9n<\/strong>:<\/p>\n<p>&nbsp;<\/p>\n<ul>\n<li style=\"text-align: justify;\">Az int\u00e9zm\u00e9nyt kiz\u00e1r\u00f3lag eg\u00e9szs\u00e9ges, t\u00fcneteket nem mutat\u00f3 gyermek, l\u00e1togathatja, akin\u00e9l koronav\u00edrus fert\u0151z\u00e9st nem igazoltak, nincs olyan l\u00e9g\u00fati fert\u0151z\u0151 betegs\u00e9gre utal\u00f3 t\u00fcnete (pl. <strong>h\u0151emelked\u00e9s, k\u00f6h\u00f6g\u00e9s, orrfoly\u00e1s, akut l\u00e9gz\u00e9si neh\u00e9zs\u00e9g,<\/strong> stb.), amely miatt m\u00e1sok eg\u00e9szs\u00e9g\u00e9t vesz\u00e9lyeztetn\u00e9, \u00e9s k\u00f6z\u00f6ss\u00e9gben nem tart\u00f3zkodhatna, tov\u00e1bb\u00e1 az elm\u00falt 14 napban nem volt szoros kontaktusban val\u00f3sz\u00edn\u0171s\u00edtett vagy meger\u0151s\u00edtett koronav\u00edrussal fert\u0151z\u00f6tt szem\u00e9llyel \u00e9s j\u00e1rv\u00e1ny\u00fcgyi adatok alapj\u00e1n kock\u00e1zatosnak \u00edt\u00e9lt s\u00e1rga vagy piros jelz\u00e9s\u0171 orsz\u00e1gban nem j\u00e1rt.<\/li>\n<\/ul>\n<ul>\n<li style=\"text-align: justify;\">Amennyiben, a k\u00f6z\u00f6ss\u00e9gben val\u00f3 tart\u00f3zkod\u00e1st kiz\u00e1r\u00f3 k\u00f6r\u00fclm\u00e9ny bek\u00f6vetkezne, err\u0151l k\u00e9sedelem n\u00e9lk\u00fcl \u00e9rtes\u00edteni kell telefonon vagy emailben az \u00f3vod\u00e1t, illetve a b\u00f6lcs\u0151d\u00e9t, vagy annak alkalmazottjait. A k\u00f6z\u00f6ss\u00e9gben val\u00f3 tart\u00f3zkod\u00e1st kiz\u00e1r\u00f3 k\u00f6r\u00fclm\u00e9ny megsz\u0171n\u00e9s\u00e9ig a gyermek az int\u00e9zm\u00e9nyt nem l\u00e1togatja.<\/li>\n<li style=\"text-align: justify;\">A k\u00f6z\u00e9ps\u0151- \u00e9s nagycsoportos (Pillang\u00f3 \u00e9s Napocska) gyermekek sz\u00fclei a bej\u00e1rati ajt\u00f3ig kis\u00e9rhetik gyermekeiket, sz\u00fcl\u0151knek az int\u00e9zm\u00e9nybe bel\u00e9pni tilos. Az int\u00e9zm\u00e9ny dolgoz\u00f3i a gyermekeket a bej\u00e1rati ajt\u00f3n\u00e1l \u00e1tveszik, a gyermekek \u00e1t\u00f6lt\u00f6z\u00e9s \u00e9s fert\u0151tlen\u00edt\u0151 k\u00e9zmos\u00e1st k\u00f6vet\u0151en mehetnek be a csoportszob\u00e1kba.<\/li>\n<li style=\"text-align: justify;\">A kiscsoportban (Katica) \u00e9s a b\u00f6lcs\u0151dei (S\u00fcni) csoportban a beszoktat\u00e1s a sz\u00fcl\u0151i \u00e9rtekezleten megbesz\u00e9ltek szerint t\u00f6rt\u00e9nik, szeptember h\u00f3napban, azt k\u00f6vet\u0151en \u0151k is a bej\u00e1rati ajt\u00f3ig kis\u00e9rhetik gyermek\u00fcket, ott \u00e1tadj\u00e1k a dajka n\u00e9niknek vagy \u00f3vodapedag\u00f3gusoknak.<\/li>\n<li style=\"text-align: justify;\">Otthoni j\u00e1t\u00e9kokat a gyermekek nem hozhatnak be az int\u00e9zm\u00e9nybe, kiv\u00e9tel 1 db \u00e1gynyugalmat seg\u00edt\u0151 alv\u00f3s\u00e1llat, egy\u00e9b textil (p\u00e1rna, alv\u00f3s rongy stb.)- melyet napk\u00f6zben a gyermek az \u00f3vodai jellel ell\u00e1tott polc\u00e1n t\u00e1rolunk \u00e9s csak alv\u00e1s seg\u00edt\u00e9s\u00e9re, a pihen\u00e9s idej\u00e9n vesz\u00fcnk el\u0151. Javasolt az eszk\u00f6z \u00f3vod\u00e1ban val\u00f3 tart\u00e1sa eg\u00e9sz h\u00e9ten, \u00e9s csak h\u00e9tv\u00e9g\u00e9re t\u00f6rt\u00e9n\u0151 hazavitele. Hazavitel ut\u00e1n kimosva, fert\u0151tlen\u00edtve hozhatj\u00e1k be az int\u00e9zm\u00e9nybe \u00fajra a gyermekek.<\/li>\n<li style=\"text-align: justify;\">A szem\u00e9lyi higi\u00e9n\u00e9 alapvet\u0151 szab\u00e1lyair\u00f3l a gyermekek sz\u00e1m\u00e1ra r\u00e9szletes, az adott koroszt\u00e1lynak megfelel\u0151 szint\u0171 t\u00e1j\u00e9koztat\u00e1st adunk. A nevel\u00e9si tev\u00e9kenys\u00e9gben fokozottan el\u0151t\u00e9rbe ker\u00fcl a gyermekek felk\u00e9sz\u00edt\u00e9se a k\u00f6h\u00f6g\u00e9si etikett elsaj\u00e1t\u00edt\u00e1sa, a pap\u00edr zsebkend\u0151 haszn\u00e1lat\u00e1nak fokozottabb alkalmaz\u00e1sa, k\u00e9zmos\u00e1si technik\u00e1k elsaj\u00e1t\u00edt\u00e1s\u00e1ra. A gyermekek k\u00e9zmos\u00e1sa a pedag\u00f3gusok fel\u00fcgyelete alatt ellen\u0151rz\u00f6tten t\u00f6rt\u00e9nik! A gyermekek eb\u00e9d ut\u00e1ni fogmos\u00e1s lehet\u0151s\u00e9g\u00e9nek biztos\u00edt\u00e1s\u00e1t tov\u00e1bbra is biztos\u00edtjuk, feln\u0151tt fel\u00fcgyelete mellett saj\u00e1t jellel ell\u00e1tott eszk\u00f6z\u00f6kkel, napi fert\u0151tlen\u00edt\u00e9s mellett haszn\u00e1lj\u00e1k a sz\u00e1jhigi\u00e9n\u00e9s eszk\u00f6z\u00f6ket a gyermekek.<\/li>\n<\/ul>\n<p><strong>\u00a0<\/strong><\/p>\n<p><strong>Pedag\u00f3gusok \u00e9s alkalmazottak feladatai<\/strong>:<\/p>\n<p>&nbsp;<\/p>\n<ul>\n<li>Az oktat\u00e1sban \u00e9s nevel\u00e9sben, illetve az int\u00e9zm\u00e9ny m\u0171k\u00f6dtet\u00e9s\u00e9ben csak eg\u00e9szs\u00e9ges dolgoz\u00f3 vehet r\u00e9szt.<\/li>\n<li>Amennyiben a k\u00f6z\u00f6ss\u00e9gben val\u00f3 tart\u00f3zkod\u00e1st kiz\u00e1r\u00f3 k\u00f6r\u00fclm\u00e9ny bek\u00f6vetkezne, err\u0151l k\u00e9sedelem n\u00e9lk\u00fcl \u00e9rtes\u00edti telefonon vagy e-mailben az int\u00e9zm\u00e9nyvezet\u0151t vagy helyettes\u00e9t, \u00e9s a k\u00f6z\u00f6ss\u00e9gben val\u00f3 tart\u00f3zkod\u00e1st kiz\u00e1r\u00f3 k\u00f6r\u00fclm\u00e9ny megsz\u0171n\u00e9s\u00e9ig az int\u00e9zm\u00e9nyt nem l\u00e1togatja.<\/li>\n<li style=\"text-align: justify;\">Az int\u00e9zm\u00e9ny helyis\u00e9geit szigor\u00fa ellen\u0151rz\u00e9s mellett megfelel\u0151 tiszt\u00edt\u00f3szerekkel el\u0151\u00edr\u00e1s szerint takar\u00edtj\u00e1k. A k\u00f6h\u00f6g\u00e9ssel, t\u00fcsszent\u00e9ssel a k\u00fcl\u00f6nb\u00f6z\u0151 fel\u00fcletekre ker\u00fclt v\u00edrus inaktiv\u00e1l\u00e1sa \u00e9rdek\u00e9ben fokozottan \u00fcgyel\u00fcnk az int\u00e9zm\u00e9ny tisztas\u00e1g\u00e1ra, a napi t\u00f6bbsz\u00f6ri fert\u0151tlen\u00edt\u0151 takar\u00edt\u00e1s <em>(csoportszob\u00e1kban, a folyos\u00f3kon \u00e9s egy\u00e9b helys\u00e9gekben)<\/em> elv\u00e9gz\u00e9s\u00e9re. A fert\u0151tlen\u00edt\u0151 takar\u00edt\u00e1s sor\u00e1n kiemelt figyelmet ford\u00edtunk arra, hogy a k\u00e9zzel gyakran \u00e9rintett fel\u00fcletek <em>(ilyenek a padok, asztalok, sz\u00e9kek, az ajt\u00f3-, ablakkilincsek, korl\u00e1tok, villany- \u00e9s egy\u00e9b kapcsol\u00f3k, informatikai eszk\u00f6z\u00f6k, mosd\u00f3k csaptelepei, WC leh\u00faz\u00f3k, stb.)<\/em> valamint a padl\u00f3 \u00e9s a moshat\u00f3 falfel\u00fcletek v\u00edrus\u00f6l\u0151 hat\u00e1s\u00fa szerrel fert\u0151tlen\u00edt\u00e9sre ker\u00fcljenek.<\/li>\n<li>A gyermekek jellel ell\u00e1tott, egy\u00e9ni haszn\u00e1latra biztos\u00edtott textil t\u00f6r\u00f6lk\u00f6z\u0151j\u00e9t hetente t\u00f6bbsz\u00f6r mossuk, fert\u0151tlen\u00edtj\u00fck<\/li>\n<li>A takar\u00edt\u00e1st, fert\u0151tlen\u00edt\u00e9st \u00fagy szervezz\u00fck meg, hogy az a gyermekek, eg\u00e9szs\u00e9g\u00e9t ne vesz\u00e9lyeztesse.<\/li>\n<li style=\"text-align: justify;\">Z\u00e1rt t\u00e9rben a k\u00f3rokoz\u00f3k koncentr\u00e1ci\u00f3j\u00e1nak cs\u00f6kkent\u00e9se \u00e9rdek\u00e9ben kiemelt figyelmet ford\u00edtunk a folyamatos, rendszeres, fokozott intenzit\u00e1s\u00fa term\u00e9szetes szell\u0151ztet\u00e9sre, mely vonatkozik minden z\u00e1rt t\u00e9rre, \u00edgy a folyos\u00f3kra, valamint az egy\u00e9b helyis\u00e9gekre is. A helyis\u00e9gek ablak\u00e1t id\u0151j\u00e1r\u00e1s f\u00fcggv\u00e9ny\u00e9ben lehet\u0151s\u00e9g szerint nyitva tartjuk.<\/li>\n<li>A j\u00e1t\u00e9kokat, eszk\u00f6z\u00f6ket az el\u0151\u00edr\u00e1soknak megfelel\u0151en fert\u0151tlen\u00edtik.<\/li>\n<li>A gyermekek a pedag\u00f3gusokkal, valamint kisgyermeknevel\u0151kkel lehet\u0151s\u00e9g szerint, min\u00e9l t\u00f6bbet tart\u00f3zkodnak szabad t\u00e9rben (udvaron).<\/li>\n<li>A munkav\u00e1llal\u00f3k sz\u00e1m\u00e1ra a k\u00e9zfert\u0151tlen\u00edt\u00e9s, k\u00e9zmos\u00e1s lehet\u0151s\u00e9g\u00e9t biztos\u00edtjuk, \u00e9s el\u0151\u00edrjuk a rendszeres, napi t\u00f6bb alkalommal t\u00f6rt\u00e9n\u0151 fert\u0151tlen\u00edt\u0151 k\u00e9zmos\u00e1st. A feln\u0151ttek r\u00e9sz\u00e9re a szoci\u00e1lis helyis\u00e9gekben kiz\u00e1r\u00f3lag pap\u00edrt\u00f6rl\u0151t alkalmazunk.<\/li>\n<\/ul>\n<p>&nbsp;<\/p>\n<p>&nbsp;<\/p>\n<p style=\"text-align: justify;\">Amennyiben egy gyermekn\u00e9l, pedag\u00f3gusn\u00e1l, vagy egy\u00e9b dolgoz\u00f3n\u00e1l fert\u0151z\u00e9s t\u00fcnetei \u00e9szlelhet\u0151k, halad\u00e9ktalanul el kell \u0151t k\u00fcl\u00f6n\u00edteni, egy\u00fattal \u00e9rtes\u00edteni kell az orvost, aki az \u00e9rv\u00e9nyes elj\u00e1r\u00e1srend szerint d\u00f6nt a tov\u00e1bbi teend\u0151kr\u0151l. Gyermek eset\u00e9n a sz\u00fcl\u0151t\/gondvisel\u0151t \u00e9rtes\u00edteni kell, hogy felt\u00e9tlen\u00fcl keress\u00e9k meg a gyermek h\u00e1ziorvos\u00e1t\/h\u00e1zi gyermekorvos\u00e1t. Azt k\u00f6vet\u0151en az orvos utas\u00edt\u00e1sainak alapj\u00e1n j\u00e1rjanak el. A beteg gyermek fel\u00fcgyelet\u00e9t ell\u00e1t\u00f3 szem\u00e9lynek keszty\u0171 \u00e9s maszk haszn\u00e1lata k\u00f6telez\u0151.<\/p>\n<p><strong>\u00a0<\/strong><\/p>\n<p><strong>KOMMUNIK\u00c1CI\u00d3<\/strong><\/p>\n<p><strong>\u00a0<\/strong><\/p>\n<p style=\"text-align: justify;\">A hiteles forr\u00e1sokb\u00f3l val\u00f3 t\u00e1j\u00e9koz\u00f3d\u00e1s fontoss\u00e1g\u00e1ra felh\u00edvom az \u00f3voda k\u00f6z\u00f6ss\u00e9g\u00e9nek, az \u00f3vodafelhaszn\u00e1l\u00f3k, partnereink figyelm\u00e9t. Az oktat\u00e1ssal kapcsolatos elj\u00e1r\u00e1srendeket, h\u00edreket a www. kormany.hu \u00e9s a <u>www.oktatas.hu <\/u>fel\u00fcletein van lehet\u0151s\u00e9g\u00fck k\u00f6vetni. Az \u00faj koronav\u00edrus vonatkoz\u00e1s\u00e1ban a rendeletben el\u0151\u00edrtak teljes\u00edt\u00e9s\u00e9hez az Nemzeti N\u00e9peg\u00e9szs\u00e9g\u00fcgyi K\u00f6zpont <a href=\"http:\/\/www.nnk.gov.hu\">www.nnk.gov.hu<\/a> honlapj\u00e1n k\u00f6zz\u00e9tett t\u00e1j\u00e9koztat\u00f3k ny\u00fajtanak seg\u00edts\u00e9get.<\/p>\n<p>Gyermek\u00fck \u00f3vodai \u00e9let\u00e9vel, az int\u00e9zked\u00e9si terv esetleges v\u00e1ltoz\u00e1s\u00e1val kapcsolatos inform\u00e1ci\u00f3kr\u00f3l az int\u00e9zm\u00e9ny, \u00e9s a csoportok \u00e1ltal kialak\u00edtott online \u00e9s k\u00f6z\u00f6ss\u00e9gi m\u00e9dia fel\u00fcleteken t\u00e1j\u00e9koz\u00f3dhatnak.<\/p>\n<p><strong>\u00a0<\/strong><\/td>\n<\/tr>\n<\/tbody>\n<\/table>\n<\/td>\n<\/tr>\n<\/tbody>\n<\/table>\n<\/td>\n<\/tr>\n<tr>\n<td><strong>\u00a0<\/strong><\/td>\n<\/tr>\n<tr>\n<td><\/td>\n<\/tr>\n<\/tbody>\n<\/table>\n<p>R\u00e9szletesebb t\u00e1j\u00e9koztat\u00e1s\u00e9rt, kattintson az al\u00e1bbi linkre:<\/p>\n<p><a href=\"https:\/\/www.oktatas.hu\/kozneveles\/intezmenykereso\/koznevelesi_intezmenykereso\/!DARI_Intezmenykereso\/oh.php?id=kir_int_mod&amp;int_omkod=202063\">https:\/\/www.oktatas.hu\/kozneveles\/intezmenykereso\/koznevelesi_intezmenykereso\/!DARI_Intezmenykereso\/oh.php?id=kir_int_mod&amp;int_omkod=202063<\/a><\/p>\n<p>&nbsp;<\/p>\n<p style=\"text-align: justify;\">\u00d3vod\u00e1nk h\u00e1rom csoportos, hetven\u00f6t f\u00e9r\u0151helyes alapfok\u00fa nevel\u00e9si int\u00e9zm\u00e9ny, mely a k\u00f6zs\u00e9g centrum\u00e1ban helyezkedik el. Z\u00f6ld \u00f6vezettel, eszt\u00e9tikus faj\u00e1tsz\u00f3t\u00e9rrel, k\u00f6zleked\u00e9si p\u00e1ly\u00e1val \u00e9s az ehhez sz\u00fcks\u00e9ges eszk\u00f6z\u00f6kkel (roller, tricikli, ker\u00e9kp\u00e1r) n\u00f6veli a gyermekek mozg\u00e1ster\u00e9t, mozg\u00e1slehet\u0151s\u00e9geit. Az \u00f3voda berendez\u00e9sei \u2013csoportszob\u00e1k \u00e9s az udvar- a gyermekek biztons\u00e1g\u00e1t, eg\u00e9szs\u00e9ges \u00e9letm\u00f3dj\u00e1nak kialak\u00edt\u00e1s\u00e1t, fejleszt\u00e9s\u00e9t szolg\u00e1lj\u00e1k. Bels\u0151 t\u00e1rgyi felt\u00e9teleink is maxim\u00e1lisan megfelelnek az el\u0151\u00edr\u00e1soknak, hiszen a csoportszob\u00e1k bar\u00e1ts\u00e1gosak, eszt\u00e9tikusak, minden csoportban gal\u00e9ri\u00e1kkal n\u00f6velt\u00fck a gyermekek j\u00e1t\u00e9kter\u00e9t.<\/p>\n<p style=\"text-align: justify;\">\u00d3vod\u00e1nk tev\u00e9kenys\u00e9g k\u00f6zpont\u00fa fejleszt\u0151 nevel\u00e9si program alapj\u00e1n v\u00e9gzi munk\u00e1j\u00e1t. Nevel\u00e9s\u00fcnk c\u00e9lja: a gyermekek sokoldal\u00fa, harmonikus szem\u00e9lyis\u00e9g\u00e9nek fejleszt\u00e9se, \u00e9letkorilag a legmegfelel\u0151bb tev\u00e9kenys\u00e9gi forma seg\u00edts\u00e9g\u00e9vel. F\u0151 c\u00e9lunk: a gyermekek t\u00e1rsadalmi gyakorlatra val\u00f3 felk\u00e9sz\u00edt\u00e9se, szem\u00e9lyis\u00e9g\u00e9nek fejleszt\u00e9se tev\u00e9kenys\u00e9gek \u00e1ltal. Ennek \u00e9rdek\u00e9ben megfigyel\u00e9seket, tapasztalatszerz\u00e9seket szervez\u00fcnk sz\u0171kebb \u00e9s t\u00e1gabb k\u00f6rnyezet\u00fckben. Gyakran vesz\u00fcnk r\u00e9szt a sz\u00fcl\u0151k seg\u00edts\u00e9g\u00e9vel csal\u00e1dokn\u00e1l a tavaszi vetem\u00e9nyez\u00e9sekben, az \u0151szi sz\u00fcretel\u00e9sekben. C\u00e9lunk: gyermekeink tanuljanak meg egym\u00e1ssal egy\u00fcttm\u0171k\u00f6dni, j\u00f3l kooper\u00e1l\u00f3 \u00e9s kommunik\u00e1l\u00f3 nyugodt, der\u0171s gyermekekk\u00e9 v\u00e1ljanak.<\/p>\n<p style=\"text-align: justify;\">A nevel\u00e9si c\u00e9lok \u00e9s feladatok az eg\u00e9sz \u00f3vod\u00e1ra n\u00e9zve azonosak. A csoportok arculat\u00e1t a gyermekek \u00e9s az \u00f3vodapedag\u00f3gusok szem\u00e9lyis\u00e9ge alak\u00edtja, form\u00e1lja saj\u00e1toss\u00e1. Nevel\u00e9s\u00fcnk c\u00e9lj\u00e1t \u00e9s feladat\u00e1t a megfelel\u0151en kialak\u00edtott heti- \u00e9s napirend keretei k\u00f6z\u00f6tt; a gyermekek \u00e9letkor\u00e1hoz \u00e9s fejletts\u00e9g\u00e9hez igazod\u00f3 tev\u00e9kenys\u00e9gek seg\u00edts\u00e9g\u00e9vel val\u00f3s\u00edtjuk meg. Tev\u00e9kenys\u00e9gek szervez\u00e9se szabadon v\u00e1lasztott \u00e9s k\u00f6telez\u0151 form\u00e1ban t\u00f6rt\u00e9nik: j\u00e1t\u00e9k, mese, vers, fest\u00e9s, rajzol\u00e1s, k\u00e9zi munka, \u00e9nek-zene, k\u00f6rnyezet megismer\u00e9se \u00e9s v\u00e9delme. A k\u00f6rnyezet t\u00e9rbeni; formai, mennyis\u00e9gi \u00f6sszef\u00fcgg\u00e9seinek megismer\u00e9se, munka jelleg\u0171 tev\u00e9kenys\u00e9gek.<\/p>\n<p>&nbsp;<\/p>\n<p><strong>Az int\u00e9zm\u00e9ny m\u0171k\u00f6d\u00e9s\u00e9vel kapcsolatos dokumentumok:<\/strong><\/p>\n<p><a href=\"https:\/\/forraskut.hu\/wp-content\/uploads\/2020\/09\/margaret-hazirend.pdf\" target=\"_blank\" rel=\"noopener noreferrer\">Forr\u00e1sk\u00fati Margar\u00e9t \u00d3voda \u00e9s B\u00f6lcs\u0151de h\u00e1zirendje<\/a><\/p>\n<p><a href=\"https:\/\/forraskut.hu\/wp-content\/uploads\/2020\/09\/margaret-szmsz.pdf\" target=\"_blank\" rel=\"noopener noreferrer\">Forr\u00e1sk\u00fati Margar\u00e9t \u00d3voda \u00e9s B\u00f6lcs\u0151de SZMSZ<\/a><\/p>\n<p><a href=\"https:\/\/forraskut.hu\/wp-content\/uploads\/2020\/10\/Margaret-Bolcsode-hazirend.pdf\" target=\"_blank\" rel=\"noopener noreferrer\">Forr\u00e1sk\u00fati Margar\u00e9t \u00d3voda \u00e9s B\u00f6lcs\u0151de -B\u00f6lcs\u0151dei h\u00e1zirend<\/a><\/p>\n<p><a href=\"https:\/\/forraskut.hu\/wp-content\/uploads\/2020\/10\/Margaret-Bolcsode-Szakmai-Program.pdf\" target=\"_blank\" rel=\"noopener noreferrer\">Forr\u00e1sk\u00fati Margar\u00e9t \u00d3voda \u00e9s B\u00f6lcs\u0151de -B\u00f6lcs\u0151dei Szakmai Program<\/a><\/p>\n<p><a href=\"https:\/\/forraskut.hu\/wp-content\/uploads\/2020\/10\/Margaret-Pedagogiai-Program.pdf\">Forr\u00e1sk\u00fati Margar\u00e9t \u00d3voda \u00e9s B\u00f6lcs\u0151de Pedag\u00f3giai Program<\/a><\/p>\n<p>&nbsp;<\/p>\n","protected":false},"excerpt":{"rendered":"<p>Utolj\u00e1ra friss\u00edtve:&nbsp; 2020. okt\u00f3ber 2. K\u00fcl\u00f6n\u00f6s k\u00f6zz\u00e9t\u00e9teli lista 2020-2021. nevel\u00e9si \u00e9v &nbsp; \u00a0 A korm\u00e1ny 229\/2012 (VIII.28.) korm\u00e1nyrendelete a nemzeti k\u00f6znevel\u00e9sr\u0151l sz\u00f3l\u00f3 t\u00f6rv\u00e9ny v\u00e9grehajt\u00e1s\u00e1r\u00f3l 23.\u00a7-a \u00e9rtelm\u00e9ben az al\u00e1bbi adatokat tessz\u00fck k\u00f6zre: &nbsp; Az \u00f3voda megnevez\u00e9se Forr\u00e1sk\u00fati Margar\u00e9t \u00d3voda \u00e9s B\u00f6lcs\u0151de &nbsp; Az \u00f3voda c\u00edme, sz\u00e9khelye, megnevez\u00e9se, el\u00e9rhet\u0151s\u00e9ge: &nbsp; 6793 Forr\u00e1sk\u00fat, D\u00f3zsa Gy\u00f6rgy utca 10. Tel: [&hellip;]<\/p>\n","protected":false},"author":2,"featured_media":0,"parent":0,"menu_order":0,"comment_status":"closed","ping_status":"closed","template":"","meta":{"_exactmetrics_skip_tracking":false,"_exactmetrics_sitenote_active":false,"_exactmetrics_sitenote_note":"","_exactmetrics_sitenote_category":0,"footnotes":""},"yoast_head":"<!-- This site is optimized with the Yoast SEO plugin v23.4 - https:\/\/yoast.com\/wordpress\/plugins\/seo\/ -->\n<title>Forr\u00e1sk\u00fati Margar\u00e9t \u00d3voda \u00e9s B\u00f6lcs\u0151de - forraskut.hu<\/title>\n<meta name=\"robots\" content=\"index, follow, max-snippet:-1, max-image-preview:large, max-video-preview:-1\" \/>\n<link rel=\"canonical\" href=\"https:\/\/forraskut.hu\/index.php\/forraskuti-margaret-ovoda-es-bolcsode\/\" \/>\n<meta property=\"og:locale\" content=\"hu_HU\" \/>\n<meta property=\"og:type\" content=\"article\" \/>\n<meta property=\"og:title\" content=\"Forr\u00e1sk\u00fati Margar\u00e9t \u00d3voda \u00e9s B\u00f6lcs\u0151de - forraskut.hu\" \/>\n<meta property=\"og:description\" content=\"Utolj\u00e1ra friss\u00edtve:&nbsp; 2020. okt\u00f3ber 2. K\u00fcl\u00f6n\u00f6s k\u00f6zz\u00e9t\u00e9teli lista 2020-2021. nevel\u00e9si \u00e9v &nbsp; \u00a0 A korm\u00e1ny 229\/2012 (VIII.28.) korm\u00e1nyrendelete a nemzeti k\u00f6znevel\u00e9sr\u0151l sz\u00f3l\u00f3 t\u00f6rv\u00e9ny v\u00e9grehajt\u00e1s\u00e1r\u00f3l 23.\u00a7-a \u00e9rtelm\u00e9ben az al\u00e1bbi adatokat tessz\u00fck k\u00f6zre: &nbsp; Az \u00f3voda megnevez\u00e9se Forr\u00e1sk\u00fati Margar\u00e9t \u00d3voda \u00e9s B\u00f6lcs\u0151de &nbsp; Az \u00f3voda c\u00edme, sz\u00e9khelye, megnevez\u00e9se, el\u00e9rhet\u0151s\u00e9ge: &nbsp; 6793 Forr\u00e1sk\u00fat, D\u00f3zsa Gy\u00f6rgy utca 10. Tel: [&hellip;]\" \/>\n<meta property=\"og:url\" content=\"https:\/\/forraskut.hu\/index.php\/forraskuti-margaret-ovoda-es-bolcsode\/\" \/>\n<meta property=\"og:site_name\" content=\"forraskut.hu\" \/>\n<meta property=\"article:modified_time\" content=\"2020-10-02T12:13:35+00:00\" \/>\n<meta name=\"twitter:card\" content=\"summary_large_image\" \/>\n<meta name=\"twitter:label1\" content=\"Becs\u00fclt olvas\u00e1si id\u0151\" \/>\n\t<meta name=\"twitter:data1\" content=\"15 perc\" \/>\n<script type=\"application\/ld+json\" class=\"yoast-schema-graph\">{\"@context\":\"https:\/\/schema.org\",\"@graph\":[{\"@type\":\"WebPage\",\"@id\":\"https:\/\/forraskut.hu\/index.php\/forraskuti-margaret-ovoda-es-bolcsode\/\",\"url\":\"https:\/\/forraskut.hu\/index.php\/forraskuti-margaret-ovoda-es-bolcsode\/\",\"name\":\"Forr\u00e1sk\u00fati Margar\u00e9t \u00d3voda \u00e9s B\u00f6lcs\u0151de - forraskut.hu\",\"isPartOf\":{\"@id\":\"https:\/\/forraskut.hu\/#website\"},\"datePublished\":\"2018-01-17T16:18:03+00:00\",\"dateModified\":\"2020-10-02T12:13:35+00:00\",\"breadcrumb\":{\"@id\":\"https:\/\/forraskut.hu\/index.php\/forraskuti-margaret-ovoda-es-bolcsode\/#breadcrumb\"},\"inLanguage\":\"hu\",\"potentialAction\":[{\"@type\":\"ReadAction\",\"target\":[\"https:\/\/forraskut.hu\/index.php\/forraskuti-margaret-ovoda-es-bolcsode\/\"]}]},{\"@type\":\"BreadcrumbList\",\"@id\":\"https:\/\/forraskut.hu\/index.php\/forraskuti-margaret-ovoda-es-bolcsode\/#breadcrumb\",\"itemListElement\":[{\"@type\":\"ListItem\",\"position\":1,\"name\":\"Kezd\u0151lap\",\"item\":\"https:\/\/forraskut.hu\/\"},{\"@type\":\"ListItem\",\"position\":2,\"name\":\"Forr\u00e1sk\u00fati Margar\u00e9t \u00d3voda \u00e9s B\u00f6lcs\u0151de\"}]},{\"@type\":\"WebSite\",\"@id\":\"https:\/\/forraskut.hu\/#website\",\"url\":\"https:\/\/forraskut.hu\/\",\"name\":\"forraskut.hu\",\"description\":\"Forr\u00e1sk\u00fat k\u00f6zs\u00e9g hivatalos weboldala\",\"potentialAction\":[{\"@type\":\"SearchAction\",\"target\":{\"@type\":\"EntryPoint\",\"urlTemplate\":\"https:\/\/forraskut.hu\/?s={search_term_string}\"},\"query-input\":{\"@type\":\"PropertyValueSpecification\",\"valueRequired\":true,\"valueName\":\"search_term_string\"}}],\"inLanguage\":\"hu\"}]}<\/script>\n<!-- \/ Yoast SEO plugin. -->","yoast_head_json":{"title":"Forr\u00e1sk\u00fati Margar\u00e9t \u00d3voda \u00e9s B\u00f6lcs\u0151de - forraskut.hu","robots":{"index":"index","follow":"follow","max-snippet":"max-snippet:-1","max-image-preview":"max-image-preview:large","max-video-preview":"max-video-preview:-1"},"canonical":"https:\/\/forraskut.hu\/index.php\/forraskuti-margaret-ovoda-es-bolcsode\/","og_locale":"hu_HU","og_type":"article","og_title":"Forr\u00e1sk\u00fati Margar\u00e9t \u00d3voda \u00e9s B\u00f6lcs\u0151de - forraskut.hu","og_description":"Utolj\u00e1ra friss\u00edtve:&nbsp; 2020. okt\u00f3ber 2. K\u00fcl\u00f6n\u00f6s k\u00f6zz\u00e9t\u00e9teli lista 2020-2021. nevel\u00e9si \u00e9v &nbsp; \u00a0 A korm\u00e1ny 229\/2012 (VIII.28.) korm\u00e1nyrendelete a nemzeti k\u00f6znevel\u00e9sr\u0151l sz\u00f3l\u00f3 t\u00f6rv\u00e9ny v\u00e9grehajt\u00e1s\u00e1r\u00f3l 23.\u00a7-a \u00e9rtelm\u00e9ben az al\u00e1bbi adatokat tessz\u00fck k\u00f6zre: &nbsp; Az \u00f3voda megnevez\u00e9se Forr\u00e1sk\u00fati Margar\u00e9t \u00d3voda \u00e9s B\u00f6lcs\u0151de &nbsp; Az \u00f3voda c\u00edme, sz\u00e9khelye, megnevez\u00e9se, el\u00e9rhet\u0151s\u00e9ge: &nbsp; 6793 Forr\u00e1sk\u00fat, D\u00f3zsa Gy\u00f6rgy utca 10. Tel: [&hellip;]","og_url":"https:\/\/forraskut.hu\/index.php\/forraskuti-margaret-ovoda-es-bolcsode\/","og_site_name":"forraskut.hu","article_modified_time":"2020-10-02T12:13:35+00:00","twitter_card":"summary_large_image","twitter_misc":{"Becs\u00fclt olvas\u00e1si id\u0151":"15 perc"},"schema":{"@context":"https:\/\/schema.org","@graph":[{"@type":"WebPage","@id":"https:\/\/forraskut.hu\/index.php\/forraskuti-margaret-ovoda-es-bolcsode\/","url":"https:\/\/forraskut.hu\/index.php\/forraskuti-margaret-ovoda-es-bolcsode\/","name":"Forr\u00e1sk\u00fati Margar\u00e9t \u00d3voda \u00e9s B\u00f6lcs\u0151de - forraskut.hu","isPartOf":{"@id":"https:\/\/forraskut.hu\/#website"},"datePublished":"2018-01-17T16:18:03+00:00","dateModified":"2020-10-02T12:13:35+00:00","breadcrumb":{"@id":"https:\/\/forraskut.hu\/index.php\/forraskuti-margaret-ovoda-es-bolcsode\/#breadcrumb"},"inLanguage":"hu","potentialAction":[{"@type":"ReadAction","target":["https:\/\/forraskut.hu\/index.php\/forraskuti-margaret-ovoda-es-bolcsode\/"]}]},{"@type":"BreadcrumbList","@id":"https:\/\/forraskut.hu\/index.php\/forraskuti-margaret-ovoda-es-bolcsode\/#breadcrumb","itemListElement":[{"@type":"ListItem","position":1,"name":"Kezd\u0151lap","item":"https:\/\/forraskut.hu\/"},{"@type":"ListItem","position":2,"name":"Forr\u00e1sk\u00fati Margar\u00e9t \u00d3voda \u00e9s B\u00f6lcs\u0151de"}]},{"@type":"WebSite","@id":"https:\/\/forraskut.hu\/#website","url":"https:\/\/forraskut.hu\/","name":"forraskut.hu","description":"Forr\u00e1sk\u00fat k\u00f6zs\u00e9g hivatalos weboldala","potentialAction":[{"@type":"SearchAction","target":{"@type":"EntryPoint","urlTemplate":"https:\/\/forraskut.hu\/?s={search_term_string}"},"query-input":{"@type":"PropertyValueSpecification","valueRequired":true,"valueName":"search_term_string"}}],"inLanguage":"hu"}]}},"_links":{"self":[{"href":"https:\/\/forraskut.hu\/index.php\/wp-json\/wp\/v2\/pages\/629"}],"collection":[{"href":"https:\/\/forraskut.hu\/index.php\/wp-json\/wp\/v2\/pages"}],"about":[{"href":"https:\/\/forraskut.hu\/index.php\/wp-json\/wp\/v2\/types\/page"}],"author":[{"embeddable":true,"href":"https:\/\/forraskut.hu\/index.php\/wp-json\/wp\/v2\/users\/2"}],"replies":[{"embeddable":true,"href":"https:\/\/forraskut.hu\/index.php\/wp-json\/wp\/v2\/comments?post=629"}],"version-history":[{"count":9,"href":"https:\/\/forraskut.hu\/index.php\/wp-json\/wp\/v2\/pages\/629\/revisions"}],"predecessor-version":[{"id":1423,"href":"https:\/\/forraskut.hu\/index.php\/wp-json\/wp\/v2\/pages\/629\/revisions\/1423"}],"wp:attachment":[{"href":"https:\/\/forraskut.hu\/index.php\/wp-json\/wp\/v2\/media?parent=629"}],"curies":[{"name":"wp","href":"https:\/\/api.w.org\/{rel}","templated":true}]}}