{"id":3721,"date":"2025-11-03T08:39:29","date_gmt":"2025-11-03T07:39:29","guid":{"rendered":"https:\/\/forraskut.hu\/?page_id=3721"},"modified":"2025-11-03T08:40:45","modified_gmt":"2025-11-03T07:40:45","slug":"ut-hid-jarda-kerekparforgalmi-letesitmeny-epitese-felujitasa-mfp-uhj-2024-kodszamu-palyazati-kiiras","status":"publish","type":"page","link":"https:\/\/forraskut.hu\/index.php\/ut-hid-jarda-kerekparforgalmi-letesitmeny-epitese-felujitasa-mfp-uhj-2024-kodszamu-palyazati-kiiras\/","title":{"rendered":"\u00dat, h\u00edd, j\u00e1rda, ker\u00e9kp\u00e1rforgalmi l\u00e9tes\u00edtm\u00e9ny \u00e9p\u00edt\u00e9se\/fel\u00faj\u00edt\u00e1sa,  MFP-UHJ\/2024 k\u00f3dsz\u00e1m\u00fa  p\u00e1ly\u00e1zati ki\u00edr\u00e1s"},"content":{"rendered":"<p><strong>Magyar Falu Program &#8211;\u00a0<\/strong><strong><em>\u201e\u00dat, h\u00edd, j\u00e1rda, ker\u00e9kp\u00e1rforgalmi l\u00e9tes\u00edtm\u00e9ny \u00e9p\u00edt\u00e9se\/fel\u00faj\u00edt\u00e1sa\u201d<\/em><\/strong><strong> c\u00edm\u0171, <\/strong><\/p>\n<p><strong>MFP-UHJ\/2024 k\u00f3dsz\u00e1m\u00fa\u00a0<\/strong><strong>p\u00e1ly\u00e1zati ki\u00edr\u00e1s keret\u00e9ben elnyert t\u00e1mogat\u00e1s<\/strong><\/p>\n<p>&nbsp;<\/p>\n<p>Kedvezm\u00e9nyezett neve: Forr\u00e1sk\u00fat K\u00f6zs\u00e9g \u00d6nkorm\u00e1nyzata<\/p>\n<p>A Projekt neve: Forr\u00e1sk\u00fat, J\u00f3zsef Attila utca fel\u00faj\u00edt\u00e1sa a K\u00f6lcsey \u00e9s Sz\u00f6vetkezeti utca k\u00f6zti szakasz\u00e1n<\/p>\n<p>Elnyert t\u00e1mogat\u00e1s \u00f6sszege: 9.999.939,- Ft<\/p>\n<p>T\u00e1mogat\u00e1s elnyer\u00e9s\u00e9nek \u00e9ve: 2024.<\/p>\n<p>A projekt c\u00e9lja: a J\u00f3zsef Attila utca burkolat\u00e1nak \u00faj kop\u00f3r\u00e9teggel, aszfaltr\u00e9teggel t\u00f6rt\u00e9n\u0151 fel\u00faj\u00edt\u00e1sa a K\u00f6lcsey \u00e9s Sz\u00f6vetkezeti utca k\u00f6zti szakasz\u00e1n.<\/p>\n<p>A J\u00f3zsef Attila utca a falu leghosszabb utc\u00e1ja, mely a F\u0151 utc\u00e1val p\u00e1rhuzamosan haladva \u00f6sszek\u00f6ti a mell\u00e9kutc\u00e1kat, zs\u00e1kutc\u00e1kat. A burkolat p\u00e1lyaszerkezete nagyon repedezett, megrong\u00e1l\u00f3dott, n\u00e9hol k\u00e1ty\u00fas, mely indokoltt\u00e1 teszi a fel\u00faj\u00edt\u00e1st.<\/p>\n<p>A projekt hozz\u00e1j\u00e1rul a lakoss\u00e1gi komfort\u00e9rzet\u00e9nek n\u00f6vel\u00e9s\u00e9hez, rendezettebb telep\u00fcl\u00e9sk\u00e9p kialakul\u00e1s\u00e1hoz, ez\u00e1ltal jav\u00edtva a falu n\u00e9pess\u00e9gmegtart\u00f3 \u00e9s n\u00e9pess\u00e9gn\u00f6vel\u0151 erej\u00e9t.<\/p>\n","protected":false},"excerpt":{"rendered":"<p>Magyar Falu Program &#8211;\u00a0\u201e\u00dat, h\u00edd, j\u00e1rda, ker\u00e9kp\u00e1rforgalmi l\u00e9tes\u00edtm\u00e9ny \u00e9p\u00edt\u00e9se\/fel\u00faj\u00edt\u00e1sa\u201d c\u00edm\u0171, MFP-UHJ\/2024 k\u00f3dsz\u00e1m\u00fa\u00a0p\u00e1ly\u00e1zati ki\u00edr\u00e1s keret\u00e9ben elnyert t\u00e1mogat\u00e1s &nbsp; Kedvezm\u00e9nyezett neve: Forr\u00e1sk\u00fat K\u00f6zs\u00e9g \u00d6nkorm\u00e1nyzata A Projekt neve: Forr\u00e1sk\u00fat, J\u00f3zsef Attila utca fel\u00faj\u00edt\u00e1sa a K\u00f6lcsey \u00e9s Sz\u00f6vetkezeti utca k\u00f6zti szakasz\u00e1n Elnyert t\u00e1mogat\u00e1s \u00f6sszege: 9.999.939,- Ft T\u00e1mogat\u00e1s elnyer\u00e9s\u00e9nek \u00e9ve: 2024. A projekt c\u00e9lja: a J\u00f3zsef Attila utca burkolat\u00e1nak \u00faj [&hellip;]<\/p>\n","protected":false},"author":2,"featured_media":0,"parent":0,"menu_order":0,"comment_status":"closed","ping_status":"closed","template":"","meta":{"_exactmetrics_skip_tracking":false,"_exactmetrics_sitenote_active":false,"_exactmetrics_sitenote_note":"","_exactmetrics_sitenote_category":0,"footnotes":""},"yoast_head":"<!-- This site is optimized with the Yoast SEO plugin v23.4 - https:\/\/yoast.com\/wordpress\/plugins\/seo\/ -->\n<title>\u00dat, h\u00edd, j\u00e1rda, ker\u00e9kp\u00e1rforgalmi l\u00e9tes\u00edtm\u00e9ny \u00e9p\u00edt\u00e9se\/fel\u00faj\u00edt\u00e1sa, MFP-UHJ\/2024 k\u00f3dsz\u00e1m\u00fa p\u00e1ly\u00e1zati ki\u00edr\u00e1s - forraskut.hu<\/title>\n<meta name=\"robots\" content=\"index, follow, max-snippet:-1, max-image-preview:large, max-video-preview:-1\" \/>\n<link rel=\"canonical\" href=\"https:\/\/forraskut.hu\/index.php\/ut-hid-jarda-kerekparforgalmi-letesitmeny-epitese-felujitasa-mfp-uhj-2024-kodszamu-palyazati-kiiras\/\" \/>\n<meta property=\"og:locale\" content=\"hu_HU\" \/>\n<meta property=\"og:type\" content=\"article\" \/>\n<meta property=\"og:title\" content=\"\u00dat, h\u00edd, j\u00e1rda, ker\u00e9kp\u00e1rforgalmi l\u00e9tes\u00edtm\u00e9ny \u00e9p\u00edt\u00e9se\/fel\u00faj\u00edt\u00e1sa, MFP-UHJ\/2024 k\u00f3dsz\u00e1m\u00fa p\u00e1ly\u00e1zati ki\u00edr\u00e1s - forraskut.hu\" \/>\n<meta property=\"og:description\" content=\"Magyar Falu Program &#8211;\u00a0\u201e\u00dat, h\u00edd, j\u00e1rda, ker\u00e9kp\u00e1rforgalmi l\u00e9tes\u00edtm\u00e9ny \u00e9p\u00edt\u00e9se\/fel\u00faj\u00edt\u00e1sa\u201d c\u00edm\u0171, MFP-UHJ\/2024 k\u00f3dsz\u00e1m\u00fa\u00a0p\u00e1ly\u00e1zati ki\u00edr\u00e1s keret\u00e9ben elnyert t\u00e1mogat\u00e1s &nbsp; Kedvezm\u00e9nyezett neve: Forr\u00e1sk\u00fat K\u00f6zs\u00e9g \u00d6nkorm\u00e1nyzata A Projekt neve: Forr\u00e1sk\u00fat, J\u00f3zsef Attila utca fel\u00faj\u00edt\u00e1sa a K\u00f6lcsey \u00e9s Sz\u00f6vetkezeti utca k\u00f6zti szakasz\u00e1n Elnyert t\u00e1mogat\u00e1s \u00f6sszege: 9.999.939,- Ft T\u00e1mogat\u00e1s elnyer\u00e9s\u00e9nek \u00e9ve: 2024. A projekt c\u00e9lja: a J\u00f3zsef Attila utca burkolat\u00e1nak \u00faj [&hellip;]\" \/>\n<meta property=\"og:url\" content=\"https:\/\/forraskut.hu\/index.php\/ut-hid-jarda-kerekparforgalmi-letesitmeny-epitese-felujitasa-mfp-uhj-2024-kodszamu-palyazati-kiiras\/\" \/>\n<meta property=\"og:site_name\" content=\"forraskut.hu\" \/>\n<meta property=\"article:modified_time\" content=\"2025-11-03T07:40:45+00:00\" \/>\n<meta name=\"twitter:card\" content=\"summary_large_image\" \/>\n<meta name=\"twitter:label1\" content=\"Becs\u00fclt olvas\u00e1si id\u0151\" \/>\n\t<meta name=\"twitter:data1\" content=\"1 perc\" \/>\n<script type=\"application\/ld+json\" class=\"yoast-schema-graph\">{\"@context\":\"https:\/\/schema.org\",\"@graph\":[{\"@type\":\"WebPage\",\"@id\":\"https:\/\/forraskut.hu\/index.php\/ut-hid-jarda-kerekparforgalmi-letesitmeny-epitese-felujitasa-mfp-uhj-2024-kodszamu-palyazati-kiiras\/\",\"url\":\"https:\/\/forraskut.hu\/index.php\/ut-hid-jarda-kerekparforgalmi-letesitmeny-epitese-felujitasa-mfp-uhj-2024-kodszamu-palyazati-kiiras\/\",\"name\":\"\u00dat, h\u00edd, j\u00e1rda, ker\u00e9kp\u00e1rforgalmi l\u00e9tes\u00edtm\u00e9ny \u00e9p\u00edt\u00e9se\/fel\u00faj\u00edt\u00e1sa, MFP-UHJ\/2024 k\u00f3dsz\u00e1m\u00fa p\u00e1ly\u00e1zati ki\u00edr\u00e1s - forraskut.hu\",\"isPartOf\":{\"@id\":\"https:\/\/forraskut.hu\/#website\"},\"datePublished\":\"2025-11-03T07:39:29+00:00\",\"dateModified\":\"2025-11-03T07:40:45+00:00\",\"breadcrumb\":{\"@id\":\"https:\/\/forraskut.hu\/index.php\/ut-hid-jarda-kerekparforgalmi-letesitmeny-epitese-felujitasa-mfp-uhj-2024-kodszamu-palyazati-kiiras\/#breadcrumb\"},\"inLanguage\":\"hu\",\"potentialAction\":[{\"@type\":\"ReadAction\",\"target\":[\"https:\/\/forraskut.hu\/index.php\/ut-hid-jarda-kerekparforgalmi-letesitmeny-epitese-felujitasa-mfp-uhj-2024-kodszamu-palyazati-kiiras\/\"]}]},{\"@type\":\"BreadcrumbList\",\"@id\":\"https:\/\/forraskut.hu\/index.php\/ut-hid-jarda-kerekparforgalmi-letesitmeny-epitese-felujitasa-mfp-uhj-2024-kodszamu-palyazati-kiiras\/#breadcrumb\",\"itemListElement\":[{\"@type\":\"ListItem\",\"position\":1,\"name\":\"Kezd\u0151lap\",\"item\":\"https:\/\/forraskut.hu\/\"},{\"@type\":\"ListItem\",\"position\":2,\"name\":\"\u00dat, h\u00edd, j\u00e1rda, ker\u00e9kp\u00e1rforgalmi l\u00e9tes\u00edtm\u00e9ny \u00e9p\u00edt\u00e9se\/fel\u00faj\u00edt\u00e1sa, MFP-UHJ\/2024 k\u00f3dsz\u00e1m\u00fa p\u00e1ly\u00e1zati ki\u00edr\u00e1s\"}]},{\"@type\":\"WebSite\",\"@id\":\"https:\/\/forraskut.hu\/#website\",\"url\":\"https:\/\/forraskut.hu\/\",\"name\":\"forraskut.hu\",\"description\":\"Forr\u00e1sk\u00fat k\u00f6zs\u00e9g hivatalos weboldala\",\"potentialAction\":[{\"@type\":\"SearchAction\",\"target\":{\"@type\":\"EntryPoint\",\"urlTemplate\":\"https:\/\/forraskut.hu\/?s={search_term_string}\"},\"query-input\":{\"@type\":\"PropertyValueSpecification\",\"valueRequired\":true,\"valueName\":\"search_term_string\"}}],\"inLanguage\":\"hu\"}]}<\/script>\n<!-- \/ Yoast SEO plugin. -->","yoast_head_json":{"title":"\u00dat, h\u00edd, j\u00e1rda, ker\u00e9kp\u00e1rforgalmi l\u00e9tes\u00edtm\u00e9ny \u00e9p\u00edt\u00e9se\/fel\u00faj\u00edt\u00e1sa, MFP-UHJ\/2024 k\u00f3dsz\u00e1m\u00fa p\u00e1ly\u00e1zati ki\u00edr\u00e1s - forraskut.hu","robots":{"index":"index","follow":"follow","max-snippet":"max-snippet:-1","max-image-preview":"max-image-preview:large","max-video-preview":"max-video-preview:-1"},"canonical":"https:\/\/forraskut.hu\/index.php\/ut-hid-jarda-kerekparforgalmi-letesitmeny-epitese-felujitasa-mfp-uhj-2024-kodszamu-palyazati-kiiras\/","og_locale":"hu_HU","og_type":"article","og_title":"\u00dat, h\u00edd, j\u00e1rda, ker\u00e9kp\u00e1rforgalmi l\u00e9tes\u00edtm\u00e9ny \u00e9p\u00edt\u00e9se\/fel\u00faj\u00edt\u00e1sa, MFP-UHJ\/2024 k\u00f3dsz\u00e1m\u00fa p\u00e1ly\u00e1zati ki\u00edr\u00e1s - forraskut.hu","og_description":"Magyar Falu Program &#8211;\u00a0\u201e\u00dat, h\u00edd, j\u00e1rda, ker\u00e9kp\u00e1rforgalmi l\u00e9tes\u00edtm\u00e9ny \u00e9p\u00edt\u00e9se\/fel\u00faj\u00edt\u00e1sa\u201d c\u00edm\u0171, MFP-UHJ\/2024 k\u00f3dsz\u00e1m\u00fa\u00a0p\u00e1ly\u00e1zati ki\u00edr\u00e1s keret\u00e9ben elnyert t\u00e1mogat\u00e1s &nbsp; Kedvezm\u00e9nyezett neve: Forr\u00e1sk\u00fat K\u00f6zs\u00e9g \u00d6nkorm\u00e1nyzata A Projekt neve: Forr\u00e1sk\u00fat, J\u00f3zsef Attila utca fel\u00faj\u00edt\u00e1sa a K\u00f6lcsey \u00e9s Sz\u00f6vetkezeti utca k\u00f6zti szakasz\u00e1n Elnyert t\u00e1mogat\u00e1s \u00f6sszege: 9.999.939,- Ft T\u00e1mogat\u00e1s elnyer\u00e9s\u00e9nek \u00e9ve: 2024. A projekt c\u00e9lja: a J\u00f3zsef Attila utca burkolat\u00e1nak \u00faj [&hellip;]","og_url":"https:\/\/forraskut.hu\/index.php\/ut-hid-jarda-kerekparforgalmi-letesitmeny-epitese-felujitasa-mfp-uhj-2024-kodszamu-palyazati-kiiras\/","og_site_name":"forraskut.hu","article_modified_time":"2025-11-03T07:40:45+00:00","twitter_card":"summary_large_image","twitter_misc":{"Becs\u00fclt olvas\u00e1si id\u0151":"1 perc"},"schema":{"@context":"https:\/\/schema.org","@graph":[{"@type":"WebPage","@id":"https:\/\/forraskut.hu\/index.php\/ut-hid-jarda-kerekparforgalmi-letesitmeny-epitese-felujitasa-mfp-uhj-2024-kodszamu-palyazati-kiiras\/","url":"https:\/\/forraskut.hu\/index.php\/ut-hid-jarda-kerekparforgalmi-letesitmeny-epitese-felujitasa-mfp-uhj-2024-kodszamu-palyazati-kiiras\/","name":"\u00dat, h\u00edd, j\u00e1rda, ker\u00e9kp\u00e1rforgalmi l\u00e9tes\u00edtm\u00e9ny \u00e9p\u00edt\u00e9se\/fel\u00faj\u00edt\u00e1sa, MFP-UHJ\/2024 k\u00f3dsz\u00e1m\u00fa p\u00e1ly\u00e1zati ki\u00edr\u00e1s - forraskut.hu","isPartOf":{"@id":"https:\/\/forraskut.hu\/#website"},"datePublished":"2025-11-03T07:39:29+00:00","dateModified":"2025-11-03T07:40:45+00:00","breadcrumb":{"@id":"https:\/\/forraskut.hu\/index.php\/ut-hid-jarda-kerekparforgalmi-letesitmeny-epitese-felujitasa-mfp-uhj-2024-kodszamu-palyazati-kiiras\/#breadcrumb"},"inLanguage":"hu","potentialAction":[{"@type":"ReadAction","target":["https:\/\/forraskut.hu\/index.php\/ut-hid-jarda-kerekparforgalmi-letesitmeny-epitese-felujitasa-mfp-uhj-2024-kodszamu-palyazati-kiiras\/"]}]},{"@type":"BreadcrumbList","@id":"https:\/\/forraskut.hu\/index.php\/ut-hid-jarda-kerekparforgalmi-letesitmeny-epitese-felujitasa-mfp-uhj-2024-kodszamu-palyazati-kiiras\/#breadcrumb","itemListElement":[{"@type":"ListItem","position":1,"name":"Kezd\u0151lap","item":"https:\/\/forraskut.hu\/"},{"@type":"ListItem","position":2,"name":"\u00dat, h\u00edd, j\u00e1rda, ker\u00e9kp\u00e1rforgalmi l\u00e9tes\u00edtm\u00e9ny \u00e9p\u00edt\u00e9se\/fel\u00faj\u00edt\u00e1sa, MFP-UHJ\/2024 k\u00f3dsz\u00e1m\u00fa p\u00e1ly\u00e1zati ki\u00edr\u00e1s"}]},{"@type":"WebSite","@id":"https:\/\/forraskut.hu\/#website","url":"https:\/\/forraskut.hu\/","name":"forraskut.hu","description":"Forr\u00e1sk\u00fat k\u00f6zs\u00e9g hivatalos weboldala","potentialAction":[{"@type":"SearchAction","target":{"@type":"EntryPoint","urlTemplate":"https:\/\/forraskut.hu\/?s={search_term_string}"},"query-input":{"@type":"PropertyValueSpecification","valueRequired":true,"valueName":"search_term_string"}}],"inLanguage":"hu"}]}},"_links":{"self":[{"href":"https:\/\/forraskut.hu\/index.php\/wp-json\/wp\/v2\/pages\/3721"}],"collection":[{"href":"https:\/\/forraskut.hu\/index.php\/wp-json\/wp\/v2\/pages"}],"about":[{"href":"https:\/\/forraskut.hu\/index.php\/wp-json\/wp\/v2\/types\/page"}],"author":[{"embeddable":true,"href":"https:\/\/forraskut.hu\/index.php\/wp-json\/wp\/v2\/users\/2"}],"replies":[{"embeddable":true,"href":"https:\/\/forraskut.hu\/index.php\/wp-json\/wp\/v2\/comments?post=3721"}],"version-history":[{"count":3,"href":"https:\/\/forraskut.hu\/index.php\/wp-json\/wp\/v2\/pages\/3721\/revisions"}],"predecessor-version":[{"id":3724,"href":"https:\/\/forraskut.hu\/index.php\/wp-json\/wp\/v2\/pages\/3721\/revisions\/3724"}],"wp:attachment":[{"href":"https:\/\/forraskut.hu\/index.php\/wp-json\/wp\/v2\/media?parent=3721"}],"curies":[{"name":"wp","href":"https:\/\/api.w.org\/{rel}","templated":true}]}}