{"id":3689,"date":"2025-10-30T20:43:59","date_gmt":"2025-10-30T19:43:59","guid":{"rendered":"https:\/\/forraskut.hu\/?page_id=3689"},"modified":"2025-11-03T08:36:33","modified_gmt":"2025-11-03T07:36:33","slug":"szocialis-ellatas-fejlesztese-a-morahalmi-jaras-6-telepulesen","status":"publish","type":"page","link":"https:\/\/forraskut.hu\/index.php\/szocialis-ellatas-fejlesztese-a-morahalmi-jaras-6-telepulesen\/","title":{"rendered":"Szoci\u00e1lis ell\u00e1t\u00e1s fejleszt\u00e9se a M\u00f3rahalmi j\u00e1r\u00e1s 6 telep\u00fcl\u00e9s\u00e9n"},"content":{"rendered":"<p class=\"last-modified\">Utolj\u00e1ra friss\u00edtve:&nbsp;  2025. november 3.<\/p><p style=\"text-align: center;\"><span style=\"font-size: 24pt;\"><strong><img loading=\"lazy\" decoding=\"async\" class=\"aligncenter  wp-image-3682\" src=\"https:\/\/forraskut.hu\/wp-content\/uploads\/2025\/10\/vjp-logo-e1761854449725.png\" alt=\"\" width=\"374\" height=\"212\" srcset=\"https:\/\/forraskut.hu\/wp-content\/uploads\/2025\/10\/vjp-logo-e1761854449725.png 1091w, https:\/\/forraskut.hu\/wp-content\/uploads\/2025\/10\/vjp-logo-e1761854449725-300x170.png 300w, https:\/\/forraskut.hu\/wp-content\/uploads\/2025\/10\/vjp-logo-e1761854449725-1024x581.png 1024w, https:\/\/forraskut.hu\/wp-content\/uploads\/2025\/10\/vjp-logo-e1761854449725-768x436.png 768w\" sizes=\"(max-width: 374px) 100vw, 374px\" \/>Sajt\u00f3k\u00f6<\/strong><\/span><span style=\"font-size: 24pt;\"><strong>zlem\u00e9ny<\/strong><\/span><\/p>\n<p style=\"text-align: center;\">{A VERSENYK\u00c9PES J\u00c1R\u00c1SOK PROGRAM KERET\u00c9BEN ELNYERT T\u00c1MOGAT\u00c1SR\u00d3L}<\/p>\n<p style=\"text-align: justify;\"><strong>Magyarorsz\u00e1g Korm\u00e1ny\u00e1nak Versenyk\u00e9pes J\u00e1r\u00e1sok Programja keret\u00e9ben a<em> \u201eSzoci\u00e1lis ell\u00e1t\u00e1s fejleszt\u00e9se a M\u00f3rahalmi j\u00e1r\u00e1s 6 telep\u00fcl\u00e9s\u00e9n<\/em>\u201d c\u00edmen Ruzsa, \u00c1sotthalom, Forr\u00e1sk\u00fat, M\u00f3rahalom, \u00dcll\u00e9s \u00e9s Z\u00e1k\u00e1nysz\u00e9k telep\u00fcl\u00e9sek \u00f6nkorm\u00e1nyzatai k\u00f6z\u00f6sen, konzorciumi form\u00e1ban\/ t\u00e1rsul\u00e1s form\u00e1j\u00e1ban 2025. els\u0151 f\u00e9l\u00e9v\u00e9ben fejleszt\u00e9si ig\u00e9nyt ny\u00fajtottak be a K\u00f6zigazgat\u00e1si \u00e9s Ter\u00fcletfejleszt\u00e9si Miniszt\u00e9riumhoz.<\/strong><\/p>\n<p>&nbsp;<\/p>\n<p style=\"text-align: justify;\">A konzorcium\/t\u00e1rsul\u00e1s eg\u00e9sz\u00e9re meg\u00edt\u00e9lt t\u00e1mogat\u00e1s \u00f6sszege brutt\u00f3 54.303.901 forint, melyb\u0151l Forr\u00e1sk\u00fat K\u00f6zs\u00e9g \u00d6nkorm\u00e1nyzata 11.999.999 Ft t\u00e1mogat\u00e1sban r\u00e9szes\u00fclt.<\/p>\n<p>&nbsp;<\/p>\n<p style=\"text-align: justify;\">A \u201e<em>Szoci\u00e1lis ell\u00e1t\u00e1s fejleszt\u00e9se a M\u00f3rahalmi j\u00e1r\u00e1s 6 telep\u00fcl\u00e9s\u00e9n<\/em>\u201d c\u00edm\u0171 projekt Magyarorsz\u00e1g Korm\u00e1ny\u00e1nak a Versenyk\u00e9pes J\u00e1r\u00e1sok Program keret\u00e9ben biztos\u00edtott vissza nem t\u00e9r\u00edtend\u0151 t\u00e1mogat\u00e1s\u00e1val, hazai forr\u00e1sb\u00f3l val\u00f3sul meg.<\/p>\n<p style=\"text-align: justify;\">A program\/fejleszt\u00e9s r\u00f6vid tartalma: Forr\u00e1sk\u00fat k\u00f6zs\u00e9gben a szoci\u00e1lis- \u00e9s gyermek\u00e9tkeztet\u00e9st biztos\u00edt\u00f3 konyha berendez\u00e9seinek cser\u00e9je, eszk\u00f6zparkj\u00e1nak fejleszt\u00e9se, korszer\u0171s\u00edt\u00e9se val\u00f3sul meg az elavult eszk\u00f6z\u00f6k cser\u00e9j\u00e9vel. Tov\u00e1bbi c\u00e9l a szoci\u00e1lis alapell\u00e1t\u00e1s biztos\u00edt\u00e1sa \u00e9rdek\u00e9ben a j\u00e1r\u00e1si szinten m\u0171k\u00f6dtetett Homokh\u00e1ti Kist\u00e9rs\u00e9g T\u00f6bbc\u00e9l\u00fa T\u00e1rsul\u00e1sa Integr\u00e1lt Szoci\u00e1lis \u00e9s Gyermekj\u00f3l\u00e9ti K\u00f6zpont telep\u00fcl\u00e9si feladatell\u00e1t\u00e1shoz kapcsol\u00f3d\u00f3 m\u0171k\u00f6d\u00e9si k\u00f6lts\u00e9gekhez val\u00f3 hozz\u00e1j\u00e1rul\u00e1s.<\/p>\n<p>&nbsp;<\/p>\n<p>A beruh\u00e1z\u00e1s kezdete: 2025.09.01.<\/p>\n<p>A beruh\u00e1z\u00e1s v\u00e1rhat\u00f3 befejez\u00e9se: 2027.08.31.<\/p>\n<p>&nbsp;<\/p>\n<p style=\"text-align: justify;\">A Versenyk\u00e9pes J\u00e1r\u00e1sok Program kiemelt c\u00e9lja, hogy a j\u00e1r\u00e1sok szempontj\u00e1b\u00f3l jelent\u0151s, t\u00f6bb telep\u00fcl\u00e9s helyzet\u00e9t jav\u00edt\u00f3, illetve az adott j\u00e1r\u00e1s lakoss\u00e1g\u00e1nak min\u00e9l nagyobb h\u00e1nyad\u00e1t \u00e9rint\u0151 fejleszt\u00e9sek t\u00e1mogat\u00e1s\u00e1val \u00f6szt\u00f6n\u00f6zze a t\u00e9rs\u00e9gi \u00e9s telep\u00fcl\u00e9si egy\u00fcttm\u0171k\u00f6d\u00e9seket, megteremtse a p\u00e1rbesz\u00e9det a j\u00e1r\u00e1sok telep\u00fcl\u00e9sei k\u00f6z\u00f6tt annak \u00e9rdek\u00e9ben, hogy k\u00f6z\u00f6s c\u00e9ljaikat min\u00e9l hat\u00e9konyabban val\u00f3s\u00edts\u00e1k meg.<\/p>\n<p>&nbsp;<\/p>\n<p style=\"text-align: right;\">Forr\u00e1sk\u00fat, 2025.10.30.<\/p>\n<p><img loading=\"lazy\" decoding=\"async\" class=\"aligncenter wp-image-3696\" src=\"https:\/\/forraskut.hu\/wp-content\/uploads\/2025\/10\/fkut_cimer.png\" alt=\"\" width=\"174\" height=\"200\" \/><\/p>\n","protected":false},"excerpt":{"rendered":"<p>Utolj\u00e1ra friss\u00edtve:&nbsp; 2025. november 3.Sajt\u00f3k\u00f6zlem\u00e9ny {A VERSENYK\u00c9PES J\u00c1R\u00c1SOK PROGRAM KERET\u00c9BEN ELNYERT T\u00c1MOGAT\u00c1SR\u00d3L} Magyarorsz\u00e1g Korm\u00e1ny\u00e1nak Versenyk\u00e9pes J\u00e1r\u00e1sok Programja keret\u00e9ben a \u201eSzoci\u00e1lis ell\u00e1t\u00e1s fejleszt\u00e9se a M\u00f3rahalmi j\u00e1r\u00e1s 6 telep\u00fcl\u00e9s\u00e9n\u201d c\u00edmen Ruzsa, \u00c1sotthalom, Forr\u00e1sk\u00fat, M\u00f3rahalom, \u00dcll\u00e9s \u00e9s Z\u00e1k\u00e1nysz\u00e9k telep\u00fcl\u00e9sek \u00f6nkorm\u00e1nyzatai k\u00f6z\u00f6sen, konzorciumi form\u00e1ban\/ t\u00e1rsul\u00e1s form\u00e1j\u00e1ban 2025. els\u0151 f\u00e9l\u00e9v\u00e9ben fejleszt\u00e9si ig\u00e9nyt ny\u00fajtottak be a K\u00f6zigazgat\u00e1si \u00e9s Ter\u00fcletfejleszt\u00e9si Miniszt\u00e9riumhoz. &nbsp; [&hellip;]<\/p>\n","protected":false},"author":2,"featured_media":0,"parent":0,"menu_order":0,"comment_status":"closed","ping_status":"closed","template":"","meta":{"_exactmetrics_skip_tracking":false,"_exactmetrics_sitenote_active":false,"_exactmetrics_sitenote_note":"","_exactmetrics_sitenote_category":0,"footnotes":""},"yoast_head":"<!-- This site is optimized with the Yoast SEO plugin v23.4 - https:\/\/yoast.com\/wordpress\/plugins\/seo\/ -->\n<title>Szoci\u00e1lis ell\u00e1t\u00e1s fejleszt\u00e9se a M\u00f3rahalmi j\u00e1r\u00e1s 6 telep\u00fcl\u00e9s\u00e9n - forraskut.hu<\/title>\n<meta name=\"robots\" content=\"index, follow, max-snippet:-1, max-image-preview:large, max-video-preview:-1\" \/>\n<link rel=\"canonical\" href=\"https:\/\/forraskut.hu\/index.php\/szocialis-ellatas-fejlesztese-a-morahalmi-jaras-6-telepulesen\/\" \/>\n<meta property=\"og:locale\" content=\"hu_HU\" \/>\n<meta property=\"og:type\" content=\"article\" \/>\n<meta property=\"og:title\" content=\"Szoci\u00e1lis ell\u00e1t\u00e1s fejleszt\u00e9se a M\u00f3rahalmi j\u00e1r\u00e1s 6 telep\u00fcl\u00e9s\u00e9n - forraskut.hu\" \/>\n<meta property=\"og:description\" content=\"Utolj\u00e1ra friss\u00edtve:&nbsp; 2025. november 3.Sajt\u00f3k\u00f6zlem\u00e9ny {A VERSENYK\u00c9PES J\u00c1R\u00c1SOK PROGRAM KERET\u00c9BEN ELNYERT T\u00c1MOGAT\u00c1SR\u00d3L} Magyarorsz\u00e1g Korm\u00e1ny\u00e1nak Versenyk\u00e9pes J\u00e1r\u00e1sok Programja keret\u00e9ben a \u201eSzoci\u00e1lis ell\u00e1t\u00e1s fejleszt\u00e9se a M\u00f3rahalmi j\u00e1r\u00e1s 6 telep\u00fcl\u00e9s\u00e9n\u201d c\u00edmen Ruzsa, \u00c1sotthalom, Forr\u00e1sk\u00fat, M\u00f3rahalom, \u00dcll\u00e9s \u00e9s Z\u00e1k\u00e1nysz\u00e9k telep\u00fcl\u00e9sek \u00f6nkorm\u00e1nyzatai k\u00f6z\u00f6sen, konzorciumi form\u00e1ban\/ t\u00e1rsul\u00e1s form\u00e1j\u00e1ban 2025. els\u0151 f\u00e9l\u00e9v\u00e9ben fejleszt\u00e9si ig\u00e9nyt ny\u00fajtottak be a K\u00f6zigazgat\u00e1si \u00e9s Ter\u00fcletfejleszt\u00e9si Miniszt\u00e9riumhoz. &nbsp; [&hellip;]\" \/>\n<meta property=\"og:url\" content=\"https:\/\/forraskut.hu\/index.php\/szocialis-ellatas-fejlesztese-a-morahalmi-jaras-6-telepulesen\/\" \/>\n<meta property=\"og:site_name\" content=\"forraskut.hu\" \/>\n<meta property=\"article:modified_time\" content=\"2025-11-03T07:36:33+00:00\" \/>\n<meta property=\"og:image\" content=\"https:\/\/forraskut.hu\/wp-content\/uploads\/2025\/10\/vjp-logo-e1761854449725.png\" \/>\n<meta name=\"twitter:card\" content=\"summary_large_image\" \/>\n<meta name=\"twitter:label1\" content=\"Becs\u00fclt olvas\u00e1si id\u0151\" \/>\n\t<meta name=\"twitter:data1\" content=\"2 perc\" \/>\n<script type=\"application\/ld+json\" class=\"yoast-schema-graph\">{\"@context\":\"https:\/\/schema.org\",\"@graph\":[{\"@type\":\"WebPage\",\"@id\":\"https:\/\/forraskut.hu\/index.php\/szocialis-ellatas-fejlesztese-a-morahalmi-jaras-6-telepulesen\/\",\"url\":\"https:\/\/forraskut.hu\/index.php\/szocialis-ellatas-fejlesztese-a-morahalmi-jaras-6-telepulesen\/\",\"name\":\"Szoci\u00e1lis ell\u00e1t\u00e1s fejleszt\u00e9se a M\u00f3rahalmi j\u00e1r\u00e1s 6 telep\u00fcl\u00e9s\u00e9n - forraskut.hu\",\"isPartOf\":{\"@id\":\"https:\/\/forraskut.hu\/#website\"},\"primaryImageOfPage\":{\"@id\":\"https:\/\/forraskut.hu\/index.php\/szocialis-ellatas-fejlesztese-a-morahalmi-jaras-6-telepulesen\/#primaryimage\"},\"image\":{\"@id\":\"https:\/\/forraskut.hu\/index.php\/szocialis-ellatas-fejlesztese-a-morahalmi-jaras-6-telepulesen\/#primaryimage\"},\"thumbnailUrl\":\"https:\/\/forraskut.hu\/wp-content\/uploads\/2025\/10\/vjp-logo-e1761854449725.png\",\"datePublished\":\"2025-10-30T19:43:59+00:00\",\"dateModified\":\"2025-11-03T07:36:33+00:00\",\"breadcrumb\":{\"@id\":\"https:\/\/forraskut.hu\/index.php\/szocialis-ellatas-fejlesztese-a-morahalmi-jaras-6-telepulesen\/#breadcrumb\"},\"inLanguage\":\"hu\",\"potentialAction\":[{\"@type\":\"ReadAction\",\"target\":[\"https:\/\/forraskut.hu\/index.php\/szocialis-ellatas-fejlesztese-a-morahalmi-jaras-6-telepulesen\/\"]}]},{\"@type\":\"ImageObject\",\"inLanguage\":\"hu\",\"@id\":\"https:\/\/forraskut.hu\/index.php\/szocialis-ellatas-fejlesztese-a-morahalmi-jaras-6-telepulesen\/#primaryimage\",\"url\":\"https:\/\/forraskut.hu\/wp-content\/uploads\/2025\/10\/vjp-logo-e1761854449725.png\",\"contentUrl\":\"https:\/\/forraskut.hu\/wp-content\/uploads\/2025\/10\/vjp-logo-e1761854449725.png\",\"width\":1091,\"height\":619},{\"@type\":\"BreadcrumbList\",\"@id\":\"https:\/\/forraskut.hu\/index.php\/szocialis-ellatas-fejlesztese-a-morahalmi-jaras-6-telepulesen\/#breadcrumb\",\"itemListElement\":[{\"@type\":\"ListItem\",\"position\":1,\"name\":\"Kezd\u0151lap\",\"item\":\"https:\/\/forraskut.hu\/\"},{\"@type\":\"ListItem\",\"position\":2,\"name\":\"Szoci\u00e1lis ell\u00e1t\u00e1s fejleszt\u00e9se a M\u00f3rahalmi j\u00e1r\u00e1s 6 telep\u00fcl\u00e9s\u00e9n\"}]},{\"@type\":\"WebSite\",\"@id\":\"https:\/\/forraskut.hu\/#website\",\"url\":\"https:\/\/forraskut.hu\/\",\"name\":\"forraskut.hu\",\"description\":\"Forr\u00e1sk\u00fat k\u00f6zs\u00e9g hivatalos weboldala\",\"potentialAction\":[{\"@type\":\"SearchAction\",\"target\":{\"@type\":\"EntryPoint\",\"urlTemplate\":\"https:\/\/forraskut.hu\/?s={search_term_string}\"},\"query-input\":{\"@type\":\"PropertyValueSpecification\",\"valueRequired\":true,\"valueName\":\"search_term_string\"}}],\"inLanguage\":\"hu\"}]}<\/script>\n<!-- \/ Yoast SEO plugin. -->","yoast_head_json":{"title":"Szoci\u00e1lis ell\u00e1t\u00e1s fejleszt\u00e9se a M\u00f3rahalmi j\u00e1r\u00e1s 6 telep\u00fcl\u00e9s\u00e9n - forraskut.hu","robots":{"index":"index","follow":"follow","max-snippet":"max-snippet:-1","max-image-preview":"max-image-preview:large","max-video-preview":"max-video-preview:-1"},"canonical":"https:\/\/forraskut.hu\/index.php\/szocialis-ellatas-fejlesztese-a-morahalmi-jaras-6-telepulesen\/","og_locale":"hu_HU","og_type":"article","og_title":"Szoci\u00e1lis ell\u00e1t\u00e1s fejleszt\u00e9se a M\u00f3rahalmi j\u00e1r\u00e1s 6 telep\u00fcl\u00e9s\u00e9n - forraskut.hu","og_description":"Utolj\u00e1ra friss\u00edtve:&nbsp; 2025. november 3.Sajt\u00f3k\u00f6zlem\u00e9ny {A VERSENYK\u00c9PES J\u00c1R\u00c1SOK PROGRAM KERET\u00c9BEN ELNYERT T\u00c1MOGAT\u00c1SR\u00d3L} Magyarorsz\u00e1g Korm\u00e1ny\u00e1nak Versenyk\u00e9pes J\u00e1r\u00e1sok Programja keret\u00e9ben a \u201eSzoci\u00e1lis ell\u00e1t\u00e1s fejleszt\u00e9se a M\u00f3rahalmi j\u00e1r\u00e1s 6 telep\u00fcl\u00e9s\u00e9n\u201d c\u00edmen Ruzsa, \u00c1sotthalom, Forr\u00e1sk\u00fat, M\u00f3rahalom, \u00dcll\u00e9s \u00e9s Z\u00e1k\u00e1nysz\u00e9k telep\u00fcl\u00e9sek \u00f6nkorm\u00e1nyzatai k\u00f6z\u00f6sen, konzorciumi form\u00e1ban\/ t\u00e1rsul\u00e1s form\u00e1j\u00e1ban 2025. els\u0151 f\u00e9l\u00e9v\u00e9ben fejleszt\u00e9si ig\u00e9nyt ny\u00fajtottak be a K\u00f6zigazgat\u00e1si \u00e9s Ter\u00fcletfejleszt\u00e9si Miniszt\u00e9riumhoz. &nbsp; [&hellip;]","og_url":"https:\/\/forraskut.hu\/index.php\/szocialis-ellatas-fejlesztese-a-morahalmi-jaras-6-telepulesen\/","og_site_name":"forraskut.hu","article_modified_time":"2025-11-03T07:36:33+00:00","og_image":[{"url":"https:\/\/forraskut.hu\/wp-content\/uploads\/2025\/10\/vjp-logo-e1761854449725.png"}],"twitter_card":"summary_large_image","twitter_misc":{"Becs\u00fclt olvas\u00e1si id\u0151":"2 perc"},"schema":{"@context":"https:\/\/schema.org","@graph":[{"@type":"WebPage","@id":"https:\/\/forraskut.hu\/index.php\/szocialis-ellatas-fejlesztese-a-morahalmi-jaras-6-telepulesen\/","url":"https:\/\/forraskut.hu\/index.php\/szocialis-ellatas-fejlesztese-a-morahalmi-jaras-6-telepulesen\/","name":"Szoci\u00e1lis ell\u00e1t\u00e1s fejleszt\u00e9se a M\u00f3rahalmi j\u00e1r\u00e1s 6 telep\u00fcl\u00e9s\u00e9n - forraskut.hu","isPartOf":{"@id":"https:\/\/forraskut.hu\/#website"},"primaryImageOfPage":{"@id":"https:\/\/forraskut.hu\/index.php\/szocialis-ellatas-fejlesztese-a-morahalmi-jaras-6-telepulesen\/#primaryimage"},"image":{"@id":"https:\/\/forraskut.hu\/index.php\/szocialis-ellatas-fejlesztese-a-morahalmi-jaras-6-telepulesen\/#primaryimage"},"thumbnailUrl":"https:\/\/forraskut.hu\/wp-content\/uploads\/2025\/10\/vjp-logo-e1761854449725.png","datePublished":"2025-10-30T19:43:59+00:00","dateModified":"2025-11-03T07:36:33+00:00","breadcrumb":{"@id":"https:\/\/forraskut.hu\/index.php\/szocialis-ellatas-fejlesztese-a-morahalmi-jaras-6-telepulesen\/#breadcrumb"},"inLanguage":"hu","potentialAction":[{"@type":"ReadAction","target":["https:\/\/forraskut.hu\/index.php\/szocialis-ellatas-fejlesztese-a-morahalmi-jaras-6-telepulesen\/"]}]},{"@type":"ImageObject","inLanguage":"hu","@id":"https:\/\/forraskut.hu\/index.php\/szocialis-ellatas-fejlesztese-a-morahalmi-jaras-6-telepulesen\/#primaryimage","url":"https:\/\/forraskut.hu\/wp-content\/uploads\/2025\/10\/vjp-logo-e1761854449725.png","contentUrl":"https:\/\/forraskut.hu\/wp-content\/uploads\/2025\/10\/vjp-logo-e1761854449725.png","width":1091,"height":619},{"@type":"BreadcrumbList","@id":"https:\/\/forraskut.hu\/index.php\/szocialis-ellatas-fejlesztese-a-morahalmi-jaras-6-telepulesen\/#breadcrumb","itemListElement":[{"@type":"ListItem","position":1,"name":"Kezd\u0151lap","item":"https:\/\/forraskut.hu\/"},{"@type":"ListItem","position":2,"name":"Szoci\u00e1lis ell\u00e1t\u00e1s fejleszt\u00e9se a M\u00f3rahalmi j\u00e1r\u00e1s 6 telep\u00fcl\u00e9s\u00e9n"}]},{"@type":"WebSite","@id":"https:\/\/forraskut.hu\/#website","url":"https:\/\/forraskut.hu\/","name":"forraskut.hu","description":"Forr\u00e1sk\u00fat k\u00f6zs\u00e9g hivatalos weboldala","potentialAction":[{"@type":"SearchAction","target":{"@type":"EntryPoint","urlTemplate":"https:\/\/forraskut.hu\/?s={search_term_string}"},"query-input":{"@type":"PropertyValueSpecification","valueRequired":true,"valueName":"search_term_string"}}],"inLanguage":"hu"}]}},"_links":{"self":[{"href":"https:\/\/forraskut.hu\/index.php\/wp-json\/wp\/v2\/pages\/3689"}],"collection":[{"href":"https:\/\/forraskut.hu\/index.php\/wp-json\/wp\/v2\/pages"}],"about":[{"href":"https:\/\/forraskut.hu\/index.php\/wp-json\/wp\/v2\/types\/page"}],"author":[{"embeddable":true,"href":"https:\/\/forraskut.hu\/index.php\/wp-json\/wp\/v2\/users\/2"}],"replies":[{"embeddable":true,"href":"https:\/\/forraskut.hu\/index.php\/wp-json\/wp\/v2\/comments?post=3689"}],"version-history":[{"count":15,"href":"https:\/\/forraskut.hu\/index.php\/wp-json\/wp\/v2\/pages\/3689\/revisions"}],"predecessor-version":[{"id":3720,"href":"https:\/\/forraskut.hu\/index.php\/wp-json\/wp\/v2\/pages\/3689\/revisions\/3720"}],"wp:attachment":[{"href":"https:\/\/forraskut.hu\/index.php\/wp-json\/wp\/v2\/media?parent=3689"}],"curies":[{"name":"wp","href":"https:\/\/api.w.org\/{rel}","templated":true}]}}